{"id":408,"date":"2025-01-31T14:52:13","date_gmt":"2025-01-31T14:52:13","guid":{"rendered":"http:\/\/27dias.local\/?page_id=408"},"modified":"2026-07-29T11:12:09","modified_gmt":"2026-07-29T11:12:09","slug":"home","status":"publish","type":"page","link":"https:\/\/www.menorcamotorent.com\/en\/","title":{"rendered":"Home"},"content":{"rendered":"\t\t<div data-elementor-type=\"wp-page\" data-elementor-id=\"408\" class=\"elementor elementor-408\">\n\t\t\t\t<div class=\"elementor-element elementor-element-4b72a56 e-con-full e-flex e-con e-parent\" data-id=\"4b72a56\" data-element_type=\"container\" data-e-type=\"container\" id=\"inicio1\" data-settings=\"{&quot;background_background&quot;:&quot;classic&quot;}\">\n\t\t<div class=\"elementor-element elementor-element-37e6ba6 e-con-full e-flex e-con e-child\" data-id=\"37e6ba6\" data-element_type=\"container\" data-e-type=\"container\">\n\t\t\t\t<div class=\"elementor-element elementor-element-b9d2244 elementor-widget elementor-widget-heading\" data-id=\"b9d2244\" data-element_type=\"widget\" data-e-type=\"widget\" data-widget_type=\"heading.default\">\n\t\t\t\t<div class=\"elementor-widget-container\">\n\t\t\t\t\t<h1 class=\"elementor-heading-title elementor-size-default\">Alquiler de motos en Menorca<\/h1>\t\t\t\t<\/div>\n\t\t\t\t<\/div>\n\t\t\t\t<div class=\"elementor-element elementor-element-1c2689a elementor-widget elementor-widget-text-editor\" data-id=\"1c2689a\" data-element_type=\"widget\" data-e-type=\"widget\" data-widget_type=\"text-editor.default\">\n\t\t\t\t<div class=\"elementor-widget-container\">\n\t\t\t\t\t\t\t\t\t<p>Explora Menorca a tu ritmo alquilando una moto moderna y disfruta de Menorca de una manera \u00fanica&nbsp;<\/p>\t\t\t\t\t\t\t\t<\/div>\n\t\t\t\t<\/div>\n\t\t\t\t<div class=\"elementor-element elementor-element-3da2adf elementor-widget elementor-widget-shortcode\" data-id=\"3da2adf\" data-element_type=\"widget\" data-e-type=\"widget\" data-widget_type=\"shortcode.default\">\n\t\t\t\t<div class=\"elementor-widget-container\">\n\t\t\t\t\t\t\t<div class=\"elementor-shortcode\">\n\n<section class=\"mybooking mybooking-selector \">\n\n  <!-- Search form -->\n\n  <form name=\"wizard_search_form\" class=\"mybooking-selector_form\">\n    <div class=\"mybooking-selector_group mb-inline\">\n\n      <!-- Pickup -->\n      <div class=\"mybooking-selector_wizard-group\">\n        <i class=\"mybooking-selector_field-icon\">\n\t\t\t\t\t<span class=\"dashicons dashicons-location\"><\/span>\n\t\t\t\t<\/i>\n        <label for=\"place_holder\">\n          Where?        <\/label>\n        <input type=\"text\" class=\"mb-form-control\" id=\"place_holder\" aria-describedby=\"pickupPlaceHolder\" placeholder=\"Select a location\" readonly=\"true\">\n      <\/div>\n\n      <!-- Date -->\n      <div class=\"mybooking-selector_wizard-group\">\n        <i class=\"mybooking-selector_field-icon\">\n\t\t\t\t\t<span class=\"dashicons dashicons-calendar-alt\"><\/span>\n\t\t\t\t<\/i>\n        <label for=\"from_holder\">\n          When?        <\/label>\n        <input type=\"text\" class=\"mb-form-control\" id=\"from_holder\" aria-describedby=\"FromHolder\" placeholder=\"Select dates\" readonly=\"true\">\n      <\/div>\n      <div class=\"mybooking-selector_button-box\">\n        <label>&nbsp;<\/label>\n        <button class=\"mb-button mybooking-selector_button button\" id=\"btn_reservation\" type=\"button\">Book<\/button>\n      <\/div>\n    <\/div>\n\n    <input type=\"hidden\" name=\"pickup_place\">\n    <input type=\"hidden\" name=\"return_place\">\n    <input type=\"hidden\" name=\"date_from\">\n    <input type=\"hidden\" name=\"time_from\">\n    <input type=\"hidden\" name=\"time_to\">\n\n    \n    \n    \n      <\/form>\n<\/section>\n\n<\/div>\n\t\t\t\t\t\t<\/div>\n\t\t\t\t<\/div>\n\t\t\t\t<\/div>\n\t\t\t\t<\/div>\n\t\t<div class=\"elementor-element elementor-element-3395e1f e-flex e-con-boxed e-con e-parent\" data-id=\"3395e1f\" data-element_type=\"container\" data-e-type=\"container\">\n\t\t\t\t\t<div class=\"e-con-inner\">\n\t\t\t\t<div class=\"elementor-element elementor-element-28003f4 elementor-widget elementor-widget-heading\" data-id=\"28003f4\" data-element_type=\"widget\" data-e-type=\"widget\" data-widget_type=\"heading.default\">\n\t\t\t\t<div class=\"elementor-widget-container\">\n\t\t\t\t\t<h2 class=\"elementor-heading-title elementor-size-default\">Nuestra flota de motos<\/h2>\t\t\t\t<\/div>\n\t\t\t\t<\/div>\n\t\t\t\t<div class=\"elementor-element elementor-element-121b6e4 elementor-widget elementor-widget-text-editor\" data-id=\"121b6e4\" data-element_type=\"widget\" data-e-type=\"widget\" data-widget_type=\"text-editor.default\">\n\t\t\t\t<div class=\"elementor-widget-container\">\n\t\t\t\t\t\t\t\t\t<p class=\"p1\">Elige entre una amplia gama de scooters y motos, con <span style=\"text-decoration: underline;\">maletero<\/span> y <span style=\"text-decoration: underline;\">dos cascos<\/span> incluidos,<\/p><p class=\"p1\">ideales para recorrer Menorca con comodidad.<\/p>\t\t\t\t\t\t\t\t<\/div>\n\t\t\t\t<\/div>\n\t\t\t\t\t<\/div>\n\t\t\t\t<\/div>\n\t\t<div class=\"elementor-element elementor-element-c5dc81b e-con-full e-flex e-con e-parent\" data-id=\"c5dc81b\" data-element_type=\"container\" data-e-type=\"container\" data-settings=\"{&quot;background_background&quot;:&quot;classic&quot;}\">\n\t\t<div class=\"elementor-element elementor-element-ea1f505 e-con-full e-flex e-con e-child\" data-id=\"ea1f505\" data-element_type=\"container\" data-e-type=\"container\" data-settings=\"{&quot;background_background&quot;:&quot;classic&quot;}\">\n\t\t\t\t<div class=\"elementor-element elementor-element-9de0f80 elementor-widget elementor-widget-image\" data-id=\"9de0f80\" data-element_type=\"widget\" data-e-type=\"widget\" data-widget_type=\"image.default\">\n\t\t\t\t<div class=\"elementor-widget-container\">\n\t\t\t\t\t\t\t\t\t\t\t\t\t\t\t<img fetchpriority=\"high\" decoding=\"async\" width=\"300\" height=\"200\" src=\"https:\/\/www.menorcamotorent.com\/wp-content\/uploads\/2026\/03\/ed84a6a1-0a8c-4100-8c46-e02b6045b591-300x200.png\" class=\"attachment-medium size-medium wp-image-2138\" alt=\"moto 49\" srcset=\"https:\/\/www.menorcamotorent.com\/wp-content\/uploads\/2026\/03\/ed84a6a1-0a8c-4100-8c46-e02b6045b591-300x200.png 300w, https:\/\/www.menorcamotorent.com\/wp-content\/uploads\/2026\/03\/ed84a6a1-0a8c-4100-8c46-e02b6045b591-1024x683.png 1024w, https:\/\/www.menorcamotorent.com\/wp-content\/uploads\/2026\/03\/ed84a6a1-0a8c-4100-8c46-e02b6045b591-768x512.png 768w, https:\/\/www.menorcamotorent.com\/wp-content\/uploads\/2026\/03\/ed84a6a1-0a8c-4100-8c46-e02b6045b591-18x12.png 18w, https:\/\/www.menorcamotorent.com\/wp-content\/uploads\/2026\/03\/ed84a6a1-0a8c-4100-8c46-e02b6045b591.png 1536w\" sizes=\"(max-width: 300px) 100vw, 300px\" \/>\t\t\t\t\t\t\t\t\t\t\t\t\t\t\t<\/div>\n\t\t\t\t<\/div>\n\t\t\t\t<div class=\"elementor-element elementor-element-77feed7 elementor-widget elementor-widget-heading\" data-id=\"77feed7\" data-element_type=\"widget\" data-e-type=\"widget\" data-widget_type=\"heading.default\">\n\t\t\t\t<div class=\"elementor-widget-container\">\n\t\t\t\t\t<h2 class=\"elementor-heading-title elementor-size-default\">Keeway Fact Evo X<\/h2>\t\t\t\t<\/div>\n\t\t\t\t<\/div>\n\t\t\t\t<div class=\"elementor-element elementor-element-209cc4f elementor-widget elementor-widget-text-editor\" data-id=\"209cc4f\" data-element_type=\"widget\" data-e-type=\"widget\" data-widget_type=\"text-editor.default\">\n\t\t\t\t<div class=\"elementor-widget-container\">\n\t\t\t\t\t\t\t\t\t<p>Sin top case\u00a0<\/p>\t\t\t\t\t\t\t\t<\/div>\n\t\t\t\t<\/div>\n\t\t\t\t<div class=\"elementor-element elementor-element-acaead9 elementor-widget elementor-widget-heading\" data-id=\"acaead9\" data-element_type=\"widget\" data-e-type=\"widget\" data-widget_type=\"heading.default\">\n\t\t\t\t<div class=\"elementor-widget-container\">\n\t\t\t\t\t<h2 class=\"elementor-heading-title elementor-size-default\">49cc<\/h2>\t\t\t\t<\/div>\n\t\t\t\t<\/div>\n\t\t\t\t<div class=\"elementor-element elementor-element-fe3dc32 elementor-widget elementor-widget-image\" data-id=\"fe3dc32\" data-element_type=\"widget\" data-e-type=\"widget\" data-widget_type=\"image.default\">\n\t\t\t\t<div class=\"elementor-widget-container\">\n\t\t\t\t\t\t\t\t\t\t\t\t\t\t\t<img decoding=\"async\" src=\"https:\/\/www.menorcamotorent.com\/wp-content\/uploads\/elementor\/thumbs\/d8879e3f-6bf5-465f-9063-e0d17915bfc0-rl8boc161jtddmk8rnrtsqh6842q0p742mhqzag5du.png\" title=\"d8879e3f-6bf5-465f-9063-e0d17915bfc0\" alt=\"cascos\" loading=\"lazy\" \/>\t\t\t\t\t\t\t\t\t\t\t\t\t\t\t<\/div>\n\t\t\t\t<\/div>\n\t\t\t\t<div class=\"elementor-element elementor-element-d9f7aa9 elementor-align-center elementor-widget elementor-widget-button\" data-id=\"d9f7aa9\" data-element_type=\"widget\" data-e-type=\"widget\" data-widget_type=\"button.default\">\n\t\t\t\t<div class=\"elementor-widget-container\">\n\t\t\t\t\t\t\t\t\t<div class=\"elementor-button-wrapper\">\n\t\t\t\t\t<a class=\"elementor-button elementor-button-link elementor-size-sm\" href=\"#inicio1\" mybooking_rent_engine_selector=\"\">\n\t\t\t\t\t\t<span class=\"elementor-button-content-wrapper\">\n\t\t\t\t\t\t\t\t\t<span class=\"elementor-button-text\">Reserva ya!<\/span>\n\t\t\t\t\t<\/span>\n\t\t\t\t\t<\/a>\n\t\t\t\t<\/div>\n\t\t\t\t\t\t\t\t<\/div>\n\t\t\t\t<\/div>\n\t\t\t\t<\/div>\n\t\t<div class=\"elementor-element elementor-element-a33ccaa e-con-full e-flex e-con e-child\" data-id=\"a33ccaa\" data-element_type=\"container\" data-e-type=\"container\" data-settings=\"{&quot;background_background&quot;:&quot;classic&quot;}\">\n\t\t\t\t<div class=\"elementor-element elementor-element-68410ea elementor-widget elementor-widget-image\" data-id=\"68410ea\" data-element_type=\"widget\" data-e-type=\"widget\" data-widget_type=\"image.default\">\n\t\t\t\t<div class=\"elementor-widget-container\">\n\t\t\t\t\t\t\t\t\t\t\t\t\t\t\t<img decoding=\"async\" width=\"300\" height=\"200\" src=\"https:\/\/www.menorcamotorent.com\/wp-content\/uploads\/2026\/03\/versalia-300x200.png\" class=\"attachment-medium size-medium wp-image-2129\" alt=\"vespa\" srcset=\"https:\/\/www.menorcamotorent.com\/wp-content\/uploads\/2026\/03\/versalia-300x200.png 300w, https:\/\/www.menorcamotorent.com\/wp-content\/uploads\/2026\/03\/versalia-1024x683.png 1024w, https:\/\/www.menorcamotorent.com\/wp-content\/uploads\/2026\/03\/versalia-768x512.png 768w, https:\/\/www.menorcamotorent.com\/wp-content\/uploads\/2026\/03\/versalia-18x12.png 18w, https:\/\/www.menorcamotorent.com\/wp-content\/uploads\/2026\/03\/versalia.png 1536w\" sizes=\"(max-width: 300px) 100vw, 300px\" \/>\t\t\t\t\t\t\t\t\t\t\t\t\t\t\t<\/div>\n\t\t\t\t<\/div>\n\t\t\t\t<div class=\"elementor-element elementor-element-148d20a elementor-widget elementor-widget-heading\" data-id=\"148d20a\" data-element_type=\"widget\" data-e-type=\"widget\" data-widget_type=\"heading.default\">\n\t\t\t\t<div class=\"elementor-widget-container\">\n\t\t\t\t\t<h2 class=\"elementor-heading-title elementor-size-default\">keeway Versilia<\/h2>\t\t\t\t<\/div>\n\t\t\t\t<\/div>\n\t\t\t\t<div class=\"elementor-element elementor-element-725ead8 elementor-widget elementor-widget-heading\" data-id=\"725ead8\" data-element_type=\"widget\" data-e-type=\"widget\" data-widget_type=\"heading.default\">\n\t\t\t\t<div class=\"elementor-widget-container\">\n\t\t\t\t\t<h2 class=\"elementor-heading-title elementor-size-default\">49cc<\/h2>\t\t\t\t<\/div>\n\t\t\t\t<\/div>\n\t\t\t\t<div class=\"elementor-element elementor-element-e180f25 elementor-widget elementor-widget-image\" data-id=\"e180f25\" data-element_type=\"widget\" data-e-type=\"widget\" data-widget_type=\"image.default\">\n\t\t\t\t<div class=\"elementor-widget-container\">\n\t\t\t\t\t\t\t\t\t\t\t\t\t\t\t<img decoding=\"async\" width=\"300\" height=\"200\" src=\"https:\/\/www.menorcamotorent.com\/wp-content\/uploads\/2026\/03\/ChatGPT-Image-27-mar-2026-21_04_38-300x200.png\" class=\"attachment-medium size-medium wp-image-2118\" alt=\"cascos\" srcset=\"https:\/\/www.menorcamotorent.com\/wp-content\/uploads\/2026\/03\/ChatGPT-Image-27-mar-2026-21_04_38-300x200.png 300w, https:\/\/www.menorcamotorent.com\/wp-content\/uploads\/2026\/03\/ChatGPT-Image-27-mar-2026-21_04_38-1024x683.png 1024w, https:\/\/www.menorcamotorent.com\/wp-content\/uploads\/2026\/03\/ChatGPT-Image-27-mar-2026-21_04_38-768x512.png 768w, https:\/\/www.menorcamotorent.com\/wp-content\/uploads\/2026\/03\/ChatGPT-Image-27-mar-2026-21_04_38-18x12.png 18w, https:\/\/www.menorcamotorent.com\/wp-content\/uploads\/2026\/03\/ChatGPT-Image-27-mar-2026-21_04_38.png 1536w\" sizes=\"(max-width: 300px) 100vw, 300px\" \/>\t\t\t\t\t\t\t\t\t\t\t\t\t\t\t<\/div>\n\t\t\t\t<\/div>\n\t\t\t\t<div class=\"elementor-element elementor-element-f8fed75 elementor-align-center elementor-widget elementor-widget-button\" data-id=\"f8fed75\" data-element_type=\"widget\" data-e-type=\"widget\" data-widget_type=\"button.default\">\n\t\t\t\t<div class=\"elementor-widget-container\">\n\t\t\t\t\t\t\t\t\t<div class=\"elementor-button-wrapper\">\n\t\t\t\t\t<a class=\"elementor-button elementor-button-link elementor-size-sm\" href=\"#inicio1\" mybooking_rent_engine_selector=\"\">\n\t\t\t\t\t\t<span class=\"elementor-button-content-wrapper\">\n\t\t\t\t\t\t\t\t\t<span class=\"elementor-button-text\">Reserva ya!<\/span>\n\t\t\t\t\t<\/span>\n\t\t\t\t\t<\/a>\n\t\t\t\t<\/div>\n\t\t\t\t\t\t\t\t<\/div>\n\t\t\t\t<\/div>\n\t\t\t\t<\/div>\n\t\t<div class=\"elementor-element elementor-element-6130fc3 e-con-full e-flex e-con e-child\" data-id=\"6130fc3\" data-element_type=\"container\" data-e-type=\"container\" data-settings=\"{&quot;background_background&quot;:&quot;classic&quot;}\">\n\t\t\t\t<div class=\"elementor-element elementor-element-0034765 elementor-widget elementor-widget-image\" data-id=\"0034765\" data-element_type=\"widget\" data-e-type=\"widget\" data-widget_type=\"image.default\">\n\t\t\t\t<div class=\"elementor-widget-container\">\n\t\t\t\t\t\t\t\t\t\t\t\t\t\t\t<img loading=\"lazy\" decoding=\"async\" width=\"300\" height=\"200\" src=\"https:\/\/www.menorcamotorent.com\/wp-content\/uploads\/2026\/03\/liberty-300x200.png\" class=\"attachment-medium size-medium wp-image-2126\" alt=\"moto 125\" srcset=\"https:\/\/www.menorcamotorent.com\/wp-content\/uploads\/2026\/03\/liberty-300x200.png 300w, https:\/\/www.menorcamotorent.com\/wp-content\/uploads\/2026\/03\/liberty-1024x683.png 1024w, https:\/\/www.menorcamotorent.com\/wp-content\/uploads\/2026\/03\/liberty-768x512.png 768w, https:\/\/www.menorcamotorent.com\/wp-content\/uploads\/2026\/03\/liberty-18x12.png 18w, https:\/\/www.menorcamotorent.com\/wp-content\/uploads\/2026\/03\/liberty.png 1536w\" sizes=\"(max-width: 300px) 100vw, 300px\" \/>\t\t\t\t\t\t\t\t\t\t\t\t\t\t\t<\/div>\n\t\t\t\t<\/div>\n\t\t\t\t<div class=\"elementor-element elementor-element-31b2e4d elementor-widget elementor-widget-heading\" data-id=\"31b2e4d\" data-element_type=\"widget\" data-e-type=\"widget\" data-widget_type=\"heading.default\">\n\t\t\t\t<div class=\"elementor-widget-container\">\n\t\t\t\t\t<h2 class=\"elementor-heading-title elementor-size-default\">Piaggio Liberty ABS<\/h2>\t\t\t\t<\/div>\n\t\t\t\t<\/div>\n\t\t\t\t<div class=\"elementor-element elementor-element-f9b193a elementor-widget elementor-widget-heading\" data-id=\"f9b193a\" data-element_type=\"widget\" data-e-type=\"widget\" data-widget_type=\"heading.default\">\n\t\t\t\t<div class=\"elementor-widget-container\">\n\t\t\t\t\t<h2 class=\"elementor-heading-title elementor-size-default\">125cc<\/h2>\t\t\t\t<\/div>\n\t\t\t\t<\/div>\n\t\t\t\t<div class=\"elementor-element elementor-element-0700a36 elementor-widget elementor-widget-image\" data-id=\"0700a36\" data-element_type=\"widget\" data-e-type=\"widget\" data-widget_type=\"image.default\">\n\t\t\t\t<div class=\"elementor-widget-container\">\n\t\t\t\t\t\t\t\t\t\t\t\t\t\t\t<img decoding=\"async\" width=\"300\" height=\"200\" src=\"https:\/\/www.menorcamotorent.com\/wp-content\/uploads\/2026\/03\/ChatGPT-Image-27-mar-2026-21_04_38-300x200.png\" class=\"attachment-medium size-medium wp-image-2118\" alt=\"cascos\" srcset=\"https:\/\/www.menorcamotorent.com\/wp-content\/uploads\/2026\/03\/ChatGPT-Image-27-mar-2026-21_04_38-300x200.png 300w, https:\/\/www.menorcamotorent.com\/wp-content\/uploads\/2026\/03\/ChatGPT-Image-27-mar-2026-21_04_38-1024x683.png 1024w, https:\/\/www.menorcamotorent.com\/wp-content\/uploads\/2026\/03\/ChatGPT-Image-27-mar-2026-21_04_38-768x512.png 768w, https:\/\/www.menorcamotorent.com\/wp-content\/uploads\/2026\/03\/ChatGPT-Image-27-mar-2026-21_04_38-18x12.png 18w, https:\/\/www.menorcamotorent.com\/wp-content\/uploads\/2026\/03\/ChatGPT-Image-27-mar-2026-21_04_38.png 1536w\" sizes=\"(max-width: 300px) 100vw, 300px\" \/>\t\t\t\t\t\t\t\t\t\t\t\t\t\t\t<\/div>\n\t\t\t\t<\/div>\n\t\t\t\t<div class=\"elementor-element elementor-element-f2f8563 elementor-align-center elementor-widget elementor-widget-button\" data-id=\"f2f8563\" data-element_type=\"widget\" data-e-type=\"widget\" data-widget_type=\"button.default\">\n\t\t\t\t<div class=\"elementor-widget-container\">\n\t\t\t\t\t\t\t\t\t<div class=\"elementor-button-wrapper\">\n\t\t\t\t\t<a class=\"elementor-button elementor-button-link elementor-size-sm\" href=\"#inicio1\" mybooking_rent_engine_selector=\"\">\n\t\t\t\t\t\t<span class=\"elementor-button-content-wrapper\">\n\t\t\t\t\t\t\t\t\t<span class=\"elementor-button-text\">Reserva ya!<\/span>\n\t\t\t\t\t<\/span>\n\t\t\t\t\t<\/a>\n\t\t\t\t<\/div>\n\t\t\t\t\t\t\t\t<\/div>\n\t\t\t\t<\/div>\n\t\t\t\t<\/div>\n\t\t<div class=\"elementor-element elementor-element-1552438 e-con-full e-flex e-con e-child\" data-id=\"1552438\" data-element_type=\"container\" data-e-type=\"container\" data-settings=\"{&quot;background_background&quot;:&quot;classic&quot;}\">\n\t\t\t\t<div class=\"elementor-element elementor-element-a245faa elementor-widget elementor-widget-image\" data-id=\"a245faa\" data-element_type=\"widget\" data-e-type=\"widget\" data-widget_type=\"image.default\">\n\t\t\t\t<div class=\"elementor-widget-container\">\n\t\t\t\t\t\t\t\t\t\t\t\t\t\t\t<img loading=\"lazy\" decoding=\"async\" width=\"300\" height=\"200\" src=\"https:\/\/www.menorcamotorent.com\/wp-content\/uploads\/2026\/03\/medley-300x200.png\" class=\"attachment-medium size-medium wp-image-2130\" alt=\"medley\" srcset=\"https:\/\/www.menorcamotorent.com\/wp-content\/uploads\/2026\/03\/medley-300x200.png 300w, https:\/\/www.menorcamotorent.com\/wp-content\/uploads\/2026\/03\/medley-1024x683.png 1024w, https:\/\/www.menorcamotorent.com\/wp-content\/uploads\/2026\/03\/medley-768x512.png 768w, https:\/\/www.menorcamotorent.com\/wp-content\/uploads\/2026\/03\/medley-18x12.png 18w, https:\/\/www.menorcamotorent.com\/wp-content\/uploads\/2026\/03\/medley.png 1536w\" sizes=\"(max-width: 300px) 100vw, 300px\" \/>\t\t\t\t\t\t\t\t\t\t\t\t\t\t\t<\/div>\n\t\t\t\t<\/div>\n\t\t\t\t<div class=\"elementor-element elementor-element-8f349c0 elementor-widget elementor-widget-heading\" data-id=\"8f349c0\" data-element_type=\"widget\" data-e-type=\"widget\" data-widget_type=\"heading.default\">\n\t\t\t\t<div class=\"elementor-widget-container\">\n\t\t\t\t\t<h2 class=\"elementor-heading-title elementor-size-default\">Piaggio Medley S E5+<\/h2>\t\t\t\t<\/div>\n\t\t\t\t<\/div>\n\t\t\t\t<div class=\"elementor-element elementor-element-d32c2ac elementor-widget elementor-widget-heading\" data-id=\"d32c2ac\" data-element_type=\"widget\" data-e-type=\"widget\" data-widget_type=\"heading.default\">\n\t\t\t\t<div class=\"elementor-widget-container\">\n\t\t\t\t\t<h2 class=\"elementor-heading-title elementor-size-default\">125cc<\/h2>\t\t\t\t<\/div>\n\t\t\t\t<\/div>\n\t\t\t\t<div class=\"elementor-element elementor-element-f98ca14 elementor-widget elementor-widget-image\" data-id=\"f98ca14\" data-element_type=\"widget\" data-e-type=\"widget\" data-widget_type=\"image.default\">\n\t\t\t\t<div class=\"elementor-widget-container\">\n\t\t\t\t\t\t\t\t\t\t\t\t\t\t\t<img decoding=\"async\" width=\"300\" height=\"200\" src=\"https:\/\/www.menorcamotorent.com\/wp-content\/uploads\/2026\/03\/ChatGPT-Image-27-mar-2026-21_04_38-300x200.png\" class=\"attachment-medium size-medium wp-image-2118\" alt=\"cascos\" srcset=\"https:\/\/www.menorcamotorent.com\/wp-content\/uploads\/2026\/03\/ChatGPT-Image-27-mar-2026-21_04_38-300x200.png 300w, https:\/\/www.menorcamotorent.com\/wp-content\/uploads\/2026\/03\/ChatGPT-Image-27-mar-2026-21_04_38-1024x683.png 1024w, https:\/\/www.menorcamotorent.com\/wp-content\/uploads\/2026\/03\/ChatGPT-Image-27-mar-2026-21_04_38-768x512.png 768w, https:\/\/www.menorcamotorent.com\/wp-content\/uploads\/2026\/03\/ChatGPT-Image-27-mar-2026-21_04_38-18x12.png 18w, https:\/\/www.menorcamotorent.com\/wp-content\/uploads\/2026\/03\/ChatGPT-Image-27-mar-2026-21_04_38.png 1536w\" sizes=\"(max-width: 300px) 100vw, 300px\" \/>\t\t\t\t\t\t\t\t\t\t\t\t\t\t\t<\/div>\n\t\t\t\t<\/div>\n\t\t\t\t<div class=\"elementor-element elementor-element-ed54e60 elementor-align-center elementor-widget elementor-widget-button\" data-id=\"ed54e60\" data-element_type=\"widget\" data-e-type=\"widget\" data-widget_type=\"button.default\">\n\t\t\t\t<div class=\"elementor-widget-container\">\n\t\t\t\t\t\t\t\t\t<div class=\"elementor-button-wrapper\">\n\t\t\t\t\t<a class=\"elementor-button elementor-button-link elementor-size-sm\" href=\"#inicio1\" mybooking_rent_engine_selector=\"\">\n\t\t\t\t\t\t<span class=\"elementor-button-content-wrapper\">\n\t\t\t\t\t\t\t\t\t<span class=\"elementor-button-text\">Reserva ya!<\/span>\n\t\t\t\t\t<\/span>\n\t\t\t\t\t<\/a>\n\t\t\t\t<\/div>\n\t\t\t\t\t\t\t\t<\/div>\n\t\t\t\t<\/div>\n\t\t\t\t<\/div>\n\t\t<div class=\"elementor-element elementor-element-972439a e-con-full e-flex e-con e-child\" data-id=\"972439a\" data-element_type=\"container\" data-e-type=\"container\" data-settings=\"{&quot;background_background&quot;:&quot;classic&quot;}\">\n\t\t\t\t<div class=\"elementor-element elementor-element-8f1c901 elementor-widget elementor-widget-image\" data-id=\"8f1c901\" data-element_type=\"widget\" data-e-type=\"widget\" data-widget_type=\"image.default\">\n\t\t\t\t<div class=\"elementor-widget-container\">\n\t\t\t\t\t\t\t\t\t\t\t\t\t\t\t<img loading=\"lazy\" decoding=\"async\" width=\"300\" height=\"200\" src=\"https:\/\/www.menorcamotorent.com\/wp-content\/uploads\/2026\/03\/sprint-300x200.png\" class=\"attachment-medium size-medium wp-image-2131\" alt=\"vespa\" srcset=\"https:\/\/www.menorcamotorent.com\/wp-content\/uploads\/2026\/03\/sprint-300x200.png 300w, https:\/\/www.menorcamotorent.com\/wp-content\/uploads\/2026\/03\/sprint-1024x683.png 1024w, https:\/\/www.menorcamotorent.com\/wp-content\/uploads\/2026\/03\/sprint-768x512.png 768w, https:\/\/www.menorcamotorent.com\/wp-content\/uploads\/2026\/03\/sprint-18x12.png 18w, https:\/\/www.menorcamotorent.com\/wp-content\/uploads\/2026\/03\/sprint.png 1536w\" sizes=\"(max-width: 300px) 100vw, 300px\" \/>\t\t\t\t\t\t\t\t\t\t\t\t\t\t\t<\/div>\n\t\t\t\t<\/div>\n\t\t\t\t<div class=\"elementor-element elementor-element-a7bcb86 elementor-widget elementor-widget-heading\" data-id=\"a7bcb86\" data-element_type=\"widget\" data-e-type=\"widget\" data-widget_type=\"heading.default\">\n\t\t\t\t<div class=\"elementor-widget-container\">\n\t\t\t\t\t<h2 class=\"elementor-heading-title elementor-size-default\">Vespa Primavera<\/h2>\t\t\t\t<\/div>\n\t\t\t\t<\/div>\n\t\t\t\t<div class=\"elementor-element elementor-element-8f4f2af elementor-widget elementor-widget-heading\" data-id=\"8f4f2af\" data-element_type=\"widget\" data-e-type=\"widget\" data-widget_type=\"heading.default\">\n\t\t\t\t<div class=\"elementor-widget-container\">\n\t\t\t\t\t<h2 class=\"elementor-heading-title elementor-size-default\">125cc<\/h2>\t\t\t\t<\/div>\n\t\t\t\t<\/div>\n\t\t\t\t<div class=\"elementor-element elementor-element-513e2aa elementor-widget elementor-widget-image\" data-id=\"513e2aa\" data-element_type=\"widget\" data-e-type=\"widget\" data-widget_type=\"image.default\">\n\t\t\t\t<div class=\"elementor-widget-container\">\n\t\t\t\t\t\t\t\t\t\t\t\t\t\t\t<img decoding=\"async\" width=\"300\" height=\"200\" src=\"https:\/\/www.menorcamotorent.com\/wp-content\/uploads\/2026\/03\/ChatGPT-Image-27-mar-2026-21_04_38-300x200.png\" class=\"attachment-medium size-medium wp-image-2118\" alt=\"cascos\" srcset=\"https:\/\/www.menorcamotorent.com\/wp-content\/uploads\/2026\/03\/ChatGPT-Image-27-mar-2026-21_04_38-300x200.png 300w, https:\/\/www.menorcamotorent.com\/wp-content\/uploads\/2026\/03\/ChatGPT-Image-27-mar-2026-21_04_38-1024x683.png 1024w, https:\/\/www.menorcamotorent.com\/wp-content\/uploads\/2026\/03\/ChatGPT-Image-27-mar-2026-21_04_38-768x512.png 768w, https:\/\/www.menorcamotorent.com\/wp-content\/uploads\/2026\/03\/ChatGPT-Image-27-mar-2026-21_04_38-18x12.png 18w, https:\/\/www.menorcamotorent.com\/wp-content\/uploads\/2026\/03\/ChatGPT-Image-27-mar-2026-21_04_38.png 1536w\" sizes=\"(max-width: 300px) 100vw, 300px\" \/>\t\t\t\t\t\t\t\t\t\t\t\t\t\t\t<\/div>\n\t\t\t\t<\/div>\n\t\t\t\t<div class=\"elementor-element elementor-element-d20b463 elementor-align-center elementor-widget elementor-widget-button\" data-id=\"d20b463\" data-element_type=\"widget\" data-e-type=\"widget\" data-widget_type=\"button.default\">\n\t\t\t\t<div class=\"elementor-widget-container\">\n\t\t\t\t\t\t\t\t\t<div class=\"elementor-button-wrapper\">\n\t\t\t\t\t<a class=\"elementor-button elementor-button-link elementor-size-sm\" href=\"#inicio1\" mybooking_rent_engine_selector=\"\">\n\t\t\t\t\t\t<span class=\"elementor-button-content-wrapper\">\n\t\t\t\t\t\t\t\t\t<span class=\"elementor-button-text\">Reserva ya!<\/span>\n\t\t\t\t\t<\/span>\n\t\t\t\t\t<\/a>\n\t\t\t\t<\/div>\n\t\t\t\t\t\t\t\t<\/div>\n\t\t\t\t<\/div>\n\t\t\t\t<\/div>\n\t\t<div class=\"elementor-element elementor-element-25b03b7 e-con-full e-flex e-con e-child\" data-id=\"25b03b7\" data-element_type=\"container\" data-e-type=\"container\" data-settings=\"{&quot;background_background&quot;:&quot;classic&quot;}\">\n\t\t\t\t<div class=\"elementor-element elementor-element-9e8d078 elementor-widget elementor-widget-image\" data-id=\"9e8d078\" data-element_type=\"widget\" data-e-type=\"widget\" data-widget_type=\"image.default\">\n\t\t\t\t<div class=\"elementor-widget-container\">\n\t\t\t\t\t\t\t\t\t\t\t\t\t\t\t<img loading=\"lazy\" decoding=\"async\" width=\"300\" height=\"200\" src=\"https:\/\/www.menorcamotorent.com\/wp-content\/uploads\/2026\/03\/bebverly--300x200.png\" class=\"attachment-medium size-medium wp-image-2157\" alt=\"bebverly\" srcset=\"https:\/\/www.menorcamotorent.com\/wp-content\/uploads\/2026\/03\/bebverly--300x200.png 300w, https:\/\/www.menorcamotorent.com\/wp-content\/uploads\/2026\/03\/bebverly--1024x683.png 1024w, https:\/\/www.menorcamotorent.com\/wp-content\/uploads\/2026\/03\/bebverly--768x512.png 768w, https:\/\/www.menorcamotorent.com\/wp-content\/uploads\/2026\/03\/bebverly--18x12.png 18w, https:\/\/www.menorcamotorent.com\/wp-content\/uploads\/2026\/03\/bebverly-.png 1536w\" sizes=\"(max-width: 300px) 100vw, 300px\" \/>\t\t\t\t\t\t\t\t\t\t\t\t\t\t\t<\/div>\n\t\t\t\t<\/div>\n\t\t\t\t<div class=\"elementor-element elementor-element-0760105 elementor-widget elementor-widget-heading\" data-id=\"0760105\" data-element_type=\"widget\" data-e-type=\"widget\" data-widget_type=\"heading.default\">\n\t\t\t\t<div class=\"elementor-widget-container\">\n\t\t\t\t\t<h2 class=\"elementor-heading-title elementor-size-default\">Piaggio Beverly HPE<\/h2>\t\t\t\t<\/div>\n\t\t\t\t<\/div>\n\t\t\t\t<div class=\"elementor-element elementor-element-ac45477 elementor-widget elementor-widget-heading\" data-id=\"ac45477\" data-element_type=\"widget\" data-e-type=\"widget\" data-widget_type=\"heading.default\">\n\t\t\t\t<div class=\"elementor-widget-container\">\n\t\t\t\t\t<h2 class=\"elementor-heading-title elementor-size-default\">310cc<\/h2>\t\t\t\t<\/div>\n\t\t\t\t<\/div>\n\t\t\t\t<div class=\"elementor-element elementor-element-bbf039f elementor-widget elementor-widget-image\" data-id=\"bbf039f\" data-element_type=\"widget\" data-e-type=\"widget\" data-widget_type=\"image.default\">\n\t\t\t\t<div class=\"elementor-widget-container\">\n\t\t\t\t\t\t\t\t\t\t\t\t\t\t\t<img decoding=\"async\" width=\"300\" height=\"200\" src=\"https:\/\/www.menorcamotorent.com\/wp-content\/uploads\/2026\/03\/ChatGPT-Image-27-mar-2026-21_04_38-300x200.png\" class=\"attachment-medium size-medium wp-image-2118\" alt=\"cascos\" srcset=\"https:\/\/www.menorcamotorent.com\/wp-content\/uploads\/2026\/03\/ChatGPT-Image-27-mar-2026-21_04_38-300x200.png 300w, https:\/\/www.menorcamotorent.com\/wp-content\/uploads\/2026\/03\/ChatGPT-Image-27-mar-2026-21_04_38-1024x683.png 1024w, https:\/\/www.menorcamotorent.com\/wp-content\/uploads\/2026\/03\/ChatGPT-Image-27-mar-2026-21_04_38-768x512.png 768w, https:\/\/www.menorcamotorent.com\/wp-content\/uploads\/2026\/03\/ChatGPT-Image-27-mar-2026-21_04_38-18x12.png 18w, https:\/\/www.menorcamotorent.com\/wp-content\/uploads\/2026\/03\/ChatGPT-Image-27-mar-2026-21_04_38.png 1536w\" sizes=\"(max-width: 300px) 100vw, 300px\" \/>\t\t\t\t\t\t\t\t\t\t\t\t\t\t\t<\/div>\n\t\t\t\t<\/div>\n\t\t\t\t<div class=\"elementor-element elementor-element-c0760b2 elementor-align-center elementor-widget elementor-widget-button\" data-id=\"c0760b2\" data-element_type=\"widget\" data-e-type=\"widget\" data-widget_type=\"button.default\">\n\t\t\t\t<div class=\"elementor-widget-container\">\n\t\t\t\t\t\t\t\t\t<div class=\"elementor-button-wrapper\">\n\t\t\t\t\t<a class=\"elementor-button elementor-button-link elementor-size-sm\" href=\"#inicio1\" mybooking_rent_engine_selector=\"\">\n\t\t\t\t\t\t<span class=\"elementor-button-content-wrapper\">\n\t\t\t\t\t\t\t\t\t<span class=\"elementor-button-text\">Reserva ya!<\/span>\n\t\t\t\t\t<\/span>\n\t\t\t\t\t<\/a>\n\t\t\t\t<\/div>\n\t\t\t\t\t\t\t\t<\/div>\n\t\t\t\t<\/div>\n\t\t\t\t<\/div>\n\t\t\t\t<\/div>\n\t\t<div class=\"elementor-element elementor-element-b84d219 e-con-full e-flex e-con e-parent\" data-id=\"b84d219\" data-element_type=\"container\" data-e-type=\"container\" data-settings=\"{&quot;background_background&quot;:&quot;classic&quot;}\">\n\t\t<div class=\"elementor-element elementor-element-afe0996 e-con-full e-flex e-con e-child\" data-id=\"afe0996\" data-element_type=\"container\" data-e-type=\"container\" data-settings=\"{&quot;background_background&quot;:&quot;classic&quot;}\">\n\t\t\t\t<div class=\"elementor-element elementor-element-68bd2f1 elementor-widget elementor-widget-heading\" data-id=\"68bd2f1\" data-element_type=\"widget\" data-e-type=\"widget\" data-widget_type=\"heading.default\">\n\t\t\t\t<div class=\"elementor-widget-container\">\n\t\t\t\t\t<h2 class=\"elementor-heading-title elementor-size-default\">Descubre Menorca sobre dos ruedas\n<\/h2>\t\t\t\t<\/div>\n\t\t\t\t<\/div>\n\t\t\t\t<div class=\"elementor-element elementor-element-60a8d66 elementor-widget elementor-widget-text-editor\" data-id=\"60a8d66\" data-element_type=\"widget\" data-e-type=\"widget\" data-widget_type=\"text-editor.default\">\n\t\t\t\t<div class=\"elementor-widget-container\">\n\t\t\t\t\t\t\t\t\t<p>Mu\u00e9vete a tu propio ritmo y descubre rincones \u00fanicos y paradis\u00edacos.<\/p>\t\t\t\t\t\t\t\t<\/div>\n\t\t\t\t<\/div>\n\t\t\t\t<div class=\"elementor-element elementor-element-1b8f23c elementor-widget-tablet__width-initial elementor-widget elementor-widget-text-editor\" data-id=\"1b8f23c\" data-element_type=\"widget\" data-e-type=\"widget\" data-widget_type=\"text-editor.default\">\n\t\t\t\t<div class=\"elementor-widget-container\">\n\t\t\t\t\t\t\t\t\t<p data-start=\"1661\" data-end=\"1759\"><span style=\"color: #000000;\">\u2713<\/span> <span style=\"color: #124aa8;\"><strong data-start=\"1661\" data-end=\"1688\">Reserva r\u00e1pida y segura<\/strong><\/span><br data-start=\"1688\" data-end=\"1691\" \/><span style=\"color: #000000;\"><em data-start=\"1694\" data-end=\"1759\">Evita el estr\u00e9s del aparcamiento y llega a los mejores lugares.<\/em><\/span><\/p>\n<span style=\"color: #124aa8;\"><strong data-start=\"1764\" data-end=\"1788\"><span style=\"color: #000000;\">\u2713<\/span> Precios competitivos<\/strong><\/span><br data-start=\"1788\" data-end=\"1791\" \/><span style=\"color: #000000;\"><em data-start=\"1794\" data-end=\"1866\">Tarifas claras, sin sorpresas y con excelente relaci\u00f3n calidad-precio.<\/em><\/span>\n<p data-start=\"1871\" data-end=\"1968\"><span style=\"color: #124aa8;\"><strong data-start=\"1871\" data-end=\"1894\"><span style=\"color: #000000;\">\u2713<\/span> Asesoramiento local<\/strong><\/span><br data-start=\"1894\" data-end=\"1897\" \/><span style=\"color: #000000;\"><em data-start=\"1900\" data-end=\"1968\">Casco, seguro y asistencia incluidos en todos nuestros alquileres.<\/em><\/span><\/p>\n\t\t\t\t\t\t\t\t<\/div>\n\t\t\t\t<\/div>\n\t\t\t\t<\/div>\n\t\t\t\t<\/div>\n\t\t<div class=\"elementor-element elementor-element-be36a4b e-con-full e-flex e-con e-parent\" data-id=\"be36a4b\" data-element_type=\"container\" data-e-type=\"container\" data-settings=\"{&quot;background_background&quot;:&quot;classic&quot;}\">\n\t\t<div class=\"elementor-element elementor-element-22fbe3b e-con-full e-flex e-con e-child\" data-id=\"22fbe3b\" data-element_type=\"container\" data-e-type=\"container\" data-settings=\"{&quot;background_background&quot;:&quot;video&quot;,&quot;background_video_link&quot;:&quot;https:\\\/\\\/www.menorcamotorent.com\\\/wp-content\\\/uploads\\\/2025\\\/04\\\/topscooter.mp4&quot;,&quot;background_play_on_mobile&quot;:&quot;yes&quot;}\">\n\t\t<div class=\"elementor-background-video-container\">\n\t\t\t\t\t\t\t<video class=\"elementor-background-video-hosted\" role=\"presentation\" autoplay muted playsinline loop><\/video>\n\t\t\t\t\t<\/div>\t\t<\/div>\n\t\t<div class=\"elementor-element elementor-element-da7c151 e-con-full e-flex e-con e-child\" data-id=\"da7c151\" data-element_type=\"container\" data-e-type=\"container\">\n\t\t<div class=\"elementor-element elementor-element-a6c4b5c e-con-full e-flex e-con e-child\" data-id=\"a6c4b5c\" data-element_type=\"container\" data-e-type=\"container\">\n\t\t<div class=\"elementor-element elementor-element-d49263f e-con-full e-flex e-con e-child\" data-id=\"d49263f\" data-element_type=\"container\" data-e-type=\"container\">\n\t\t\t\t<div class=\"elementor-element elementor-element-0af3805 elementor-widget elementor-widget-heading\" data-id=\"0af3805\" data-element_type=\"widget\" data-e-type=\"widget\" data-widget_type=\"heading.default\">\n\t\t\t\t<div class=\"elementor-widget-container\">\n\t\t\t\t\t<h2 class=\"elementor-heading-title elementor-size-default\">\u00bfPor qu\u00e9 alquilar con nosotros en Menorca ?<\/h2>\t\t\t\t<\/div>\n\t\t\t\t<\/div>\n\t\t\t\t<div class=\"elementor-element elementor-element-edd45ce elementor-widget elementor-widget-text-editor\" data-id=\"edd45ce\" data-element_type=\"widget\" data-e-type=\"widget\" data-widget_type=\"text-editor.default\">\n\t\t\t\t<div class=\"elementor-widget-container\">\n\t\t\t\t\t\t\t\t\t<p><span style=\"color: #000000;\"><em>En nuestra empresa local, no solo alquilas una moto, sino que te llevas una experiencia aut\u00e9ntica para descubrir Menorca de la forma m\u00e1s libre y emocionante. Conocemos cada rinc\u00f3n de la isla y queremos que t\u00fa tambi\u00e9n los disfrutes con total comodidad y seguridad.<\/em><\/span><\/p>\t\t\t\t\t\t\t\t<\/div>\n\t\t\t\t<\/div>\n\t\t\t\t<div class=\"elementor-element elementor-element-2bb4466 elementor-widget elementor-widget-button\" data-id=\"2bb4466\" data-element_type=\"widget\" data-e-type=\"widget\" data-widget_type=\"button.default\">\n\t\t\t\t<div class=\"elementor-widget-container\">\n\t\t\t\t\t\t\t\t\t<div class=\"elementor-button-wrapper\">\n\t\t\t\t\t<a class=\"elementor-button elementor-button-link elementor-size-sm\" href=\"#inicio1\">\n\t\t\t\t\t\t<span class=\"elementor-button-content-wrapper\">\n\t\t\t\t\t\t\t\t\t<span class=\"elementor-button-text\">reserva ahora<\/span>\n\t\t\t\t\t<\/span>\n\t\t\t\t\t<\/a>\n\t\t\t\t<\/div>\n\t\t\t\t\t\t\t\t<\/div>\n\t\t\t\t<\/div>\n\t\t\t\t<\/div>\n\t\t\t\t<\/div>\n\t\t\t\t<\/div>\n\t\t\t\t<\/div>\n\t\t<div class=\"elementor-element elementor-element-6eedf73 e-con-full e-flex e-con e-parent\" data-id=\"6eedf73\" data-element_type=\"container\" data-e-type=\"container\" data-settings=\"{&quot;background_background&quot;:&quot;classic&quot;}\">\n\t\t\t\t<div class=\"elementor-element elementor-element-4a6b801 elementor-widget elementor-widget-heading\" data-id=\"4a6b801\" data-element_type=\"widget\" data-e-type=\"widget\" data-widget_type=\"heading.default\">\n\t\t\t\t<div class=\"elementor-widget-container\">\n\t\t\t\t\t<h2 class=\"elementor-heading-title elementor-size-default\">Qu\u00e9 opinan nuestros clientes...<\/h2>\t\t\t\t<\/div>\n\t\t\t\t<\/div>\n\t\t\t\t<div class=\"elementor-element elementor-element-66dc8b0 elementor-widget__width-initial elementor-widget elementor-widget-shortcode\" data-id=\"66dc8b0\" data-element_type=\"widget\" data-e-type=\"widget\" data-widget_type=\"shortcode.default\">\n\t\t\t\t<div class=\"elementor-widget-container\">\n\t\t\t\t\t\t\t<div class=\"elementor-shortcode\"><link data-noptimize=\"1\" data-no-optimize=\"1\" data-no-minify=\"1\" data-no-defer=\"1\" rel=\"stylesheet\" href=\"https:\/\/www.menorcamotorent.com\/wp-content\/uploads\/trustindex-google-widget.css?1787067929\" media=\"all\"><pre class=\"ti-widget\"><div style=\"opacity: 0;height: 0 !important;overflow: hidden !important\" data-css-url=\"https:\/\/www.menorcamotorent.com\/wp-content\/uploads\/trustindex-google-widget.css?1787067929\" class=\" ti-widget  ti-goog ti-review-text-mode-readmore ti-content-align-center\" data-no-translation=\"true\" data-plugin-version=\"14.1\" data-layout-id=\"36\" data-layout-category=\"slider\" data-set-id=\"drop-shadow\" data-pid=\"wp-widget\" data-language=\"es\" data-close-locale=\"Cerca\" data-review-target-width=\"300\" data-css-version=\"2\" data-reply-by-locale=\"Respuesta del propietario\" data-only-rating-locale=\"Este usuario solo dej\u00f3 una calificaci\u00f3n.\" data-pager-autoplay-timeout=\"6\"> <div class=\"ti-widget-container ti-col-3\"> <div class=\"ti-reviews-container\"> <div class=\"ti-controls\"> <div class=\"ti-next\" aria-label=\"Siguiente rese\u00f1a\" role=\"button\" tabindex=\"0\"><\/div> <div class=\"ti-prev\" aria-label=\"Rese\u00f1a anterior\" role=\"button\" tabindex=\"0\"><\/div> <\/div> <div class=\"ti-reviews-container-wrapper\">  <div data-empty=\"0\" class=\"ti-review-item source-Google ti-image-layout-thumbnail\" data-time=\"\" data-id=\"cfcd208495d565ef66e7dff9f98764da\" data-language=\"\"> <div class=\"ti-inner\"> <div class=\"ti-review-header\"> <img loading=\"lazy\" decoding=\"async\" class=\"ti-platform-icon skip-lazy\" src=\"https:\/\/cdn.trustindex.io\/assets\/platform\/Google\/icon.svg\" alt=\"Google\" width=\"20\" height=\"20\" loading=\"lazy\" \/> <div class=\"ti-profile-img\"> <img decoding=\"async\" class=\"skip-lazy\" src=\"https:\/\/lh3.googleusercontent.com\/a\/ACg8ocKGnoe4JXmpN6O9HCV6SycYnCHrbV3vCmQ_I_laRMhxoNIGJw=w64-h64-c-rp-mo-br100\" srcset=\"https:\/\/lh3.googleusercontent.com\/a\/ACg8ocKGnoe4JXmpN6O9HCV6SycYnCHrbV3vCmQ_I_laRMhxoNIGJw=w128-h128-c-rp-mo-br100 2x\" alt=\"michel bienvenu profile picture\" loading=\"lazy\" \/> <\/div> <div class=\"ti-profile-details\"> <div class=\"ti-name\"> michel bienvenu <\/div> <div class=\"ti-date\">29. Septiembre, 2024<\/div> <\/div> <\/div> <span class=\"ti-stars\"><img loading=\"lazy\" decoding=\"async\" class=\"ti-star skip-lazy\" src=\"https:\/\/cdn.trustindex.io\/assets\/platform\/Google\/star\/f.svg\" alt=\"Google star 1\" width=\"17\" height=\"17\" loading=\"lazy\" \/><img loading=\"lazy\" decoding=\"async\" class=\"ti-star skip-lazy\" src=\"https:\/\/cdn.trustindex.io\/assets\/platform\/Google\/star\/f.svg\" alt=\"Google star 2\" width=\"17\" height=\"17\" loading=\"lazy\" \/><img loading=\"lazy\" decoding=\"async\" class=\"ti-star skip-lazy\" src=\"https:\/\/cdn.trustindex.io\/assets\/platform\/Google\/star\/f.svg\" alt=\"Google star 3\" width=\"17\" height=\"17\" loading=\"lazy\" \/><img loading=\"lazy\" decoding=\"async\" class=\"ti-star skip-lazy\" src=\"https:\/\/cdn.trustindex.io\/assets\/platform\/Google\/star\/f.svg\" alt=\"Google star 4\" width=\"17\" height=\"17\" loading=\"lazy\" \/><img loading=\"lazy\" decoding=\"async\" class=\"ti-star skip-lazy\" src=\"https:\/\/cdn.trustindex.io\/assets\/platform\/Google\/star\/f.svg\" alt=\"Google star 5\" width=\"17\" height=\"17\" loading=\"lazy\" \/><span class=\"ti-verified-review ti-verified-platform\"><span class=\"ti-verified-tooltip\">Trustindex verifica que la fuente original de la rese\u00f1a sea Google.<\/span><\/span><\/span> <div class=\"ti-review-text-container ti-review-content\"><!-- R-CONTENT -->Simple, efficace,tr\u00e8s sympa. Tr\u00e8s bon rapport qualit\u00e9 prix \ud83d\udc4d\ud83d\udc4d\ud83d\udc4d<!-- R-CONTENT --><\/div> <span class=\"ti-read-more\" data-container=\".ti-review-content\" data-collapse-text=\"Ocultar\" data-open-text=\"Leer m\u00e1s\"><\/span> <\/div> <\/div>  <div data-empty=\"0\" class=\"ti-review-item source-Google ti-image-layout-thumbnail\" data-time=\"\" data-id=\"cfcd208495d565ef66e7dff9f98764da\" data-language=\"\"> <div class=\"ti-inner\"> <div class=\"ti-review-header\"> <img loading=\"lazy\" decoding=\"async\" class=\"ti-platform-icon skip-lazy\" src=\"https:\/\/cdn.trustindex.io\/assets\/platform\/Google\/icon.svg\" alt=\"Google\" width=\"20\" height=\"20\" loading=\"lazy\" \/> <div class=\"ti-profile-img\"> <img decoding=\"async\" class=\"skip-lazy\" src=\"https:\/\/lh3.googleusercontent.com\/a\/ACg8ocJYhlRJMWysVgVNv9gzpEZCwAYiy_uBUzBZb9OHz7yd5QNGKQ=w64-h64-c-rp-mo-br100\" srcset=\"https:\/\/lh3.googleusercontent.com\/a\/ACg8ocJYhlRJMWysVgVNv9gzpEZCwAYiy_uBUzBZb9OHz7yd5QNGKQ=w128-h128-c-rp-mo-br100 2x\" alt=\"Jose Aragues profile picture\" loading=\"lazy\" \/> <\/div> <div class=\"ti-profile-details\"> <div class=\"ti-name\"> Jose Aragues <\/div> <div class=\"ti-date\">24. Septiembre, 2024<\/div> <\/div> <\/div> <span class=\"ti-stars\"><img loading=\"lazy\" decoding=\"async\" class=\"ti-star skip-lazy\" src=\"https:\/\/cdn.trustindex.io\/assets\/platform\/Google\/star\/f.svg\" alt=\"Google star 1\" width=\"17\" height=\"17\" loading=\"lazy\" \/><img loading=\"lazy\" decoding=\"async\" class=\"ti-star skip-lazy\" src=\"https:\/\/cdn.trustindex.io\/assets\/platform\/Google\/star\/f.svg\" alt=\"Google star 2\" width=\"17\" height=\"17\" loading=\"lazy\" \/><img loading=\"lazy\" decoding=\"async\" class=\"ti-star skip-lazy\" src=\"https:\/\/cdn.trustindex.io\/assets\/platform\/Google\/star\/f.svg\" alt=\"Google star 3\" width=\"17\" height=\"17\" loading=\"lazy\" \/><img loading=\"lazy\" decoding=\"async\" class=\"ti-star skip-lazy\" src=\"https:\/\/cdn.trustindex.io\/assets\/platform\/Google\/star\/f.svg\" alt=\"Google star 4\" width=\"17\" height=\"17\" loading=\"lazy\" \/><img loading=\"lazy\" decoding=\"async\" class=\"ti-star skip-lazy\" src=\"https:\/\/cdn.trustindex.io\/assets\/platform\/Google\/star\/f.svg\" alt=\"Google star 5\" width=\"17\" height=\"17\" loading=\"lazy\" \/><span class=\"ti-verified-review ti-verified-platform\"><span class=\"ti-verified-tooltip\">Trustindex verifica que la fuente original de la rese\u00f1a sea Google.<\/span><\/span><\/span> <div class=\"ti-review-text-container ti-review-content\"><!-- R-CONTENT -->Todo perfecto<!-- R-CONTENT --><\/div> <span class=\"ti-read-more\" data-container=\".ti-review-content\" data-collapse-text=\"Ocultar\" data-open-text=\"Leer m\u00e1s\"><\/span> <\/div> <\/div>  <div data-empty=\"0\" class=\"ti-review-item source-Google ti-image-layout-thumbnail\" data-time=\"\" data-id=\"cfcd208495d565ef66e7dff9f98764da\" data-language=\"\"> <div class=\"ti-inner\"> <div class=\"ti-review-header\"> <img loading=\"lazy\" decoding=\"async\" class=\"ti-platform-icon skip-lazy\" src=\"https:\/\/cdn.trustindex.io\/assets\/platform\/Google\/icon.svg\" alt=\"Google\" width=\"20\" height=\"20\" loading=\"lazy\" \/> <div class=\"ti-profile-img\"> <img decoding=\"async\" class=\"skip-lazy\" src=\"https:\/\/lh3.googleusercontent.com\/a-\/ALV-UjXOQJwgZ3hZldK8Gpt2SOT0ca5YwJW7gwOdn_5BdmZqdk9wTv4O=w64-h64-c-rp-mo-ba3-br100\" srcset=\"https:\/\/lh3.googleusercontent.com\/a-\/ALV-UjXOQJwgZ3hZldK8Gpt2SOT0ca5YwJW7gwOdn_5BdmZqdk9wTv4O=w128-h128-c-rp-mo-ba3-br100 2x\" alt=\"Rafal Suski profile picture\" loading=\"lazy\" \/> <\/div> <div class=\"ti-profile-details\"> <div class=\"ti-name\"> Rafal Suski <\/div> <div class=\"ti-date\">6. Septiembre, 2024<\/div> <\/div> <\/div> <span class=\"ti-stars\"><img loading=\"lazy\" decoding=\"async\" class=\"ti-star skip-lazy\" src=\"https:\/\/cdn.trustindex.io\/assets\/platform\/Google\/star\/f.svg\" alt=\"Google star 1\" width=\"17\" height=\"17\" loading=\"lazy\" \/><img loading=\"lazy\" decoding=\"async\" class=\"ti-star skip-lazy\" src=\"https:\/\/cdn.trustindex.io\/assets\/platform\/Google\/star\/f.svg\" alt=\"Google star 2\" width=\"17\" height=\"17\" loading=\"lazy\" \/><img loading=\"lazy\" decoding=\"async\" class=\"ti-star skip-lazy\" src=\"https:\/\/cdn.trustindex.io\/assets\/platform\/Google\/star\/f.svg\" alt=\"Google star 3\" width=\"17\" height=\"17\" loading=\"lazy\" \/><img loading=\"lazy\" decoding=\"async\" class=\"ti-star skip-lazy\" src=\"https:\/\/cdn.trustindex.io\/assets\/platform\/Google\/star\/f.svg\" alt=\"Google star 4\" width=\"17\" height=\"17\" loading=\"lazy\" \/><img loading=\"lazy\" decoding=\"async\" class=\"ti-star skip-lazy\" src=\"https:\/\/cdn.trustindex.io\/assets\/platform\/Google\/star\/f.svg\" alt=\"Google star 5\" width=\"17\" height=\"17\" loading=\"lazy\" \/><span class=\"ti-verified-review ti-verified-platform\"><span class=\"ti-verified-tooltip\">Trustindex verifica que la fuente original de la rese\u00f1a sea Google.<\/span><\/span><\/span> <div class=\"ti-review-text-container ti-review-content\"><!-- R-CONTENT -->Top service from owners. Really well maintained scooters and fair price. Thank you guys.<!-- R-CONTENT --><\/div> <span class=\"ti-read-more\" data-container=\".ti-review-content\" data-collapse-text=\"Ocultar\" data-open-text=\"Leer m\u00e1s\"><\/span> <\/div> <\/div>  <div data-empty=\"0\" class=\"ti-review-item source-Google ti-image-layout-thumbnail\" data-time=\"\" data-id=\"cfcd208495d565ef66e7dff9f98764da\" data-language=\"\"> <div class=\"ti-inner\"> <div class=\"ti-review-header\"> <img loading=\"lazy\" decoding=\"async\" class=\"ti-platform-icon skip-lazy\" src=\"https:\/\/cdn.trustindex.io\/assets\/platform\/Google\/icon.svg\" alt=\"Google\" width=\"20\" height=\"20\" loading=\"lazy\" \/> <div class=\"ti-profile-img\"> <img decoding=\"async\" class=\"skip-lazy\" src=\"https:\/\/lh3.googleusercontent.com\/a\/ACg8ocKhFpmeJcSWwia3QbfHXWju_C16CIkUVtuSvkh_Y3aFo8kKfg=w64-h64-c-rp-mo-br100\" srcset=\"https:\/\/lh3.googleusercontent.com\/a\/ACg8ocKhFpmeJcSWwia3QbfHXWju_C16CIkUVtuSvkh_Y3aFo8kKfg=w128-h128-c-rp-mo-br100 2x\" alt=\"Lopez justine profile picture\" loading=\"lazy\" \/> <\/div> <div class=\"ti-profile-details\"> <div class=\"ti-name\"> Lopez justine <\/div> <div class=\"ti-date\">25. Agosto, 2024<\/div> <\/div> <\/div> <span class=\"ti-stars\"><img loading=\"lazy\" decoding=\"async\" class=\"ti-star skip-lazy\" src=\"https:\/\/cdn.trustindex.io\/assets\/platform\/Google\/star\/f.svg\" alt=\"Google star 1\" width=\"17\" height=\"17\" loading=\"lazy\" \/><img loading=\"lazy\" decoding=\"async\" class=\"ti-star skip-lazy\" src=\"https:\/\/cdn.trustindex.io\/assets\/platform\/Google\/star\/f.svg\" alt=\"Google star 2\" width=\"17\" height=\"17\" loading=\"lazy\" \/><img loading=\"lazy\" decoding=\"async\" class=\"ti-star skip-lazy\" src=\"https:\/\/cdn.trustindex.io\/assets\/platform\/Google\/star\/f.svg\" alt=\"Google star 3\" width=\"17\" height=\"17\" loading=\"lazy\" \/><img loading=\"lazy\" decoding=\"async\" class=\"ti-star skip-lazy\" src=\"https:\/\/cdn.trustindex.io\/assets\/platform\/Google\/star\/f.svg\" alt=\"Google star 4\" width=\"17\" height=\"17\" loading=\"lazy\" \/><img loading=\"lazy\" decoding=\"async\" class=\"ti-star skip-lazy\" src=\"https:\/\/cdn.trustindex.io\/assets\/platform\/Google\/star\/f.svg\" alt=\"Google star 5\" width=\"17\" height=\"17\" loading=\"lazy\" \/><span class=\"ti-verified-review ti-verified-platform\"><span class=\"ti-verified-tooltip\">Trustindex verifica que la fuente original de la rese\u00f1a sea Google.<\/span><\/span><\/span> <div class=\"ti-review-text-container ti-review-content\"><!-- R-CONTENT -->Personnel flexible et adorable Scooter en bon \u00e9tat pour un prix plus que raisonnable Je recommande!<!-- R-CONTENT --><\/div> <span class=\"ti-read-more\" data-container=\".ti-review-content\" data-collapse-text=\"Ocultar\" data-open-text=\"Leer m\u00e1s\"><\/span> <\/div> <\/div>  <div data-empty=\"0\" class=\"ti-review-item source-Google ti-image-layout-thumbnail\" data-time=\"\" data-id=\"cfcd208495d565ef66e7dff9f98764da\" data-language=\"\"> <div class=\"ti-inner\"> <div class=\"ti-review-header\"> <img loading=\"lazy\" decoding=\"async\" class=\"ti-platform-icon skip-lazy\" src=\"https:\/\/cdn.trustindex.io\/assets\/platform\/Google\/icon.svg\" alt=\"Google\" width=\"20\" height=\"20\" loading=\"lazy\" \/> <div class=\"ti-profile-img\"> <img decoding=\"async\" class=\"skip-lazy\" src=\"https:\/\/lh3.googleusercontent.com\/a-\/ALV-UjUsfl5UxvMcIqDobVAij9IzpmtC8UTGY-hK_EfzQ50myQ9jQFF9=w64-h64-c-rp-mo-ba4-br100\" srcset=\"https:\/\/lh3.googleusercontent.com\/a-\/ALV-UjUsfl5UxvMcIqDobVAij9IzpmtC8UTGY-hK_EfzQ50myQ9jQFF9=w128-h128-c-rp-mo-ba4-br100 2x\" alt=\"Eddy vara profile picture\" loading=\"lazy\" \/> <\/div> <div class=\"ti-profile-details\"> <div class=\"ti-name\"> Eddy vara <\/div> <div class=\"ti-date\">19. Agosto, 2024<\/div> <\/div> <\/div> <span class=\"ti-stars\"><img loading=\"lazy\" decoding=\"async\" class=\"ti-star skip-lazy\" src=\"https:\/\/cdn.trustindex.io\/assets\/platform\/Google\/star\/f.svg\" alt=\"Google star 1\" width=\"17\" height=\"17\" loading=\"lazy\" \/><img loading=\"lazy\" decoding=\"async\" class=\"ti-star skip-lazy\" src=\"https:\/\/cdn.trustindex.io\/assets\/platform\/Google\/star\/f.svg\" alt=\"Google star 2\" width=\"17\" height=\"17\" loading=\"lazy\" \/><img loading=\"lazy\" decoding=\"async\" class=\"ti-star skip-lazy\" src=\"https:\/\/cdn.trustindex.io\/assets\/platform\/Google\/star\/f.svg\" alt=\"Google star 3\" width=\"17\" height=\"17\" loading=\"lazy\" \/><img loading=\"lazy\" decoding=\"async\" class=\"ti-star skip-lazy\" src=\"https:\/\/cdn.trustindex.io\/assets\/platform\/Google\/star\/f.svg\" alt=\"Google star 4\" width=\"17\" height=\"17\" loading=\"lazy\" \/><img loading=\"lazy\" decoding=\"async\" class=\"ti-star skip-lazy\" src=\"https:\/\/cdn.trustindex.io\/assets\/platform\/Google\/star\/e.svg\" alt=\"Google star 5\" width=\"17\" height=\"17\" loading=\"lazy\" \/><span class=\"ti-verified-review ti-verified-platform\"><span class=\"ti-verified-tooltip\">Trustindex verifica que la fuente original de la rese\u00f1a sea Google.<\/span><\/span><\/span> <div class=\"ti-review-text-container ti-review-content\"><!-- R-CONTENT -->Serviti da Jose Maria ! Sa come trattare il cliente e farlo sentire suo ospite. Scooter nuovi e ben tenuti<!-- R-CONTENT --><\/div> <span class=\"ti-read-more\" data-container=\".ti-review-content\" data-collapse-text=\"Ocultar\" data-open-text=\"Leer m\u00e1s\"><\/span> <\/div> <\/div>  <div data-empty=\"0\" class=\"ti-review-item source-Google ti-image-layout-thumbnail\" data-time=\"\" data-id=\"cfcd208495d565ef66e7dff9f98764da\" data-language=\"\"> <div class=\"ti-inner\"> <div class=\"ti-review-header\"> <img loading=\"lazy\" decoding=\"async\" class=\"ti-platform-icon skip-lazy\" src=\"https:\/\/cdn.trustindex.io\/assets\/platform\/Google\/icon.svg\" alt=\"Google\" width=\"20\" height=\"20\" loading=\"lazy\" \/> <div class=\"ti-profile-img\"> <img decoding=\"async\" class=\"skip-lazy\" src=\"https:\/\/lh3.googleusercontent.com\/a\/ACg8ocKQBIdVHVYlo2Hyr6vIemCIvcyJm_l37vgGNJxJ4uPwSwxNgg=w64-h64-c-rp-mo-br100\" srcset=\"https:\/\/lh3.googleusercontent.com\/a\/ACg8ocKQBIdVHVYlo2Hyr6vIemCIvcyJm_l37vgGNJxJ4uPwSwxNgg=w128-h128-c-rp-mo-br100 2x\" alt=\"GREZELD ALLAJBEJ profile picture\" loading=\"lazy\" \/> <\/div> <div class=\"ti-profile-details\"> <div class=\"ti-name\"> GREZELD ALLAJBEJ <\/div> <div class=\"ti-date\">17. Agosto, 2024<\/div> <\/div> <\/div> <span class=\"ti-stars\"><img loading=\"lazy\" decoding=\"async\" class=\"ti-star skip-lazy\" src=\"https:\/\/cdn.trustindex.io\/assets\/platform\/Google\/star\/f.svg\" alt=\"Google star 1\" width=\"17\" height=\"17\" loading=\"lazy\" \/><img loading=\"lazy\" decoding=\"async\" class=\"ti-star skip-lazy\" src=\"https:\/\/cdn.trustindex.io\/assets\/platform\/Google\/star\/f.svg\" alt=\"Google star 2\" width=\"17\" height=\"17\" loading=\"lazy\" \/><img loading=\"lazy\" decoding=\"async\" class=\"ti-star skip-lazy\" src=\"https:\/\/cdn.trustindex.io\/assets\/platform\/Google\/star\/f.svg\" alt=\"Google star 3\" width=\"17\" height=\"17\" loading=\"lazy\" \/><img loading=\"lazy\" decoding=\"async\" class=\"ti-star skip-lazy\" src=\"https:\/\/cdn.trustindex.io\/assets\/platform\/Google\/star\/f.svg\" alt=\"Google star 4\" width=\"17\" height=\"17\" loading=\"lazy\" \/><img loading=\"lazy\" decoding=\"async\" class=\"ti-star skip-lazy\" src=\"https:\/\/cdn.trustindex.io\/assets\/platform\/Google\/star\/f.svg\" alt=\"Google star 5\" width=\"17\" height=\"17\" loading=\"lazy\" \/><span class=\"ti-verified-review ti-verified-platform\"><span class=\"ti-verified-tooltip\">Trustindex verifica que la fuente original de la rese\u00f1a sea Google.<\/span><\/span><\/span> <div class=\"ti-review-text-container ti-review-content\"><!-- R-CONTENT -->Ci siamo trovati molto bene. Personale molto gentile. Consigliato !!<!-- R-CONTENT --><\/div> <span class=\"ti-read-more\" data-container=\".ti-review-content\" data-collapse-text=\"Ocultar\" data-open-text=\"Leer m\u00e1s\"><\/span> <\/div> <\/div>  <div data-empty=\"0\" class=\"ti-review-item source-Google ti-image-layout-thumbnail\" data-time=\"\" data-id=\"cfcd208495d565ef66e7dff9f98764da\" data-language=\"\"> <div class=\"ti-inner\"> <div class=\"ti-review-header\"> <img loading=\"lazy\" decoding=\"async\" class=\"ti-platform-icon skip-lazy\" src=\"https:\/\/cdn.trustindex.io\/assets\/platform\/Google\/icon.svg\" alt=\"Google\" width=\"20\" height=\"20\" loading=\"lazy\" \/> <div class=\"ti-profile-img\"> <img decoding=\"async\" class=\"skip-lazy\" src=\"https:\/\/lh3.googleusercontent.com\/a\/ACg8ocKmfPo-fBULWBti3EycNkGcYAWzfzCzgiya3bthcsu53AtEYA=w64-h64-c-rp-mo-br100\" srcset=\"https:\/\/lh3.googleusercontent.com\/a\/ACg8ocKmfPo-fBULWBti3EycNkGcYAWzfzCzgiya3bthcsu53AtEYA=w128-h128-c-rp-mo-br100 2x\" alt=\"idoya perez villar profile picture\" loading=\"lazy\" \/> <\/div> <div class=\"ti-profile-details\"> <div class=\"ti-name\"> idoya perez villar <\/div> <div class=\"ti-date\">2. Agosto, 2024<\/div> <\/div> <\/div> <span class=\"ti-stars\"><img loading=\"lazy\" decoding=\"async\" class=\"ti-star skip-lazy\" src=\"https:\/\/cdn.trustindex.io\/assets\/platform\/Google\/star\/f.svg\" alt=\"Google star 1\" width=\"17\" height=\"17\" loading=\"lazy\" \/><img loading=\"lazy\" decoding=\"async\" class=\"ti-star skip-lazy\" src=\"https:\/\/cdn.trustindex.io\/assets\/platform\/Google\/star\/f.svg\" alt=\"Google star 2\" width=\"17\" height=\"17\" loading=\"lazy\" \/><img loading=\"lazy\" decoding=\"async\" class=\"ti-star skip-lazy\" src=\"https:\/\/cdn.trustindex.io\/assets\/platform\/Google\/star\/f.svg\" alt=\"Google star 3\" width=\"17\" height=\"17\" loading=\"lazy\" \/><img loading=\"lazy\" decoding=\"async\" class=\"ti-star skip-lazy\" src=\"https:\/\/cdn.trustindex.io\/assets\/platform\/Google\/star\/f.svg\" alt=\"Google star 4\" width=\"17\" height=\"17\" loading=\"lazy\" \/><img loading=\"lazy\" decoding=\"async\" class=\"ti-star skip-lazy\" src=\"https:\/\/cdn.trustindex.io\/assets\/platform\/Google\/star\/f.svg\" alt=\"Google star 5\" width=\"17\" height=\"17\" loading=\"lazy\" \/><span class=\"ti-verified-review ti-verified-platform\"><span class=\"ti-verified-tooltip\">Trustindex verifica que la fuente original de la rese\u00f1a sea Google.<\/span><\/span><\/span> <div class=\"ti-review-text-container ti-review-content\"><!-- R-CONTENT -->Estupendos todos! Jos\u00e9 Mari es un profesional como la copa de un pino! Gracias por todo,en nombre de Jos\u00e9 \u00c1ngel Aparicio<!-- R-CONTENT --><\/div> <span class=\"ti-read-more\" data-container=\".ti-review-content\" data-collapse-text=\"Ocultar\" data-open-text=\"Leer m\u00e1s\"><\/span> <\/div> <\/div>  <div data-empty=\"0\" class=\"ti-review-item source-Google ti-image-layout-thumbnail\" data-time=\"\" data-id=\"cfcd208495d565ef66e7dff9f98764da\" data-language=\"\"> <div class=\"ti-inner\"> <div class=\"ti-review-header\"> <img loading=\"lazy\" decoding=\"async\" class=\"ti-platform-icon skip-lazy\" src=\"https:\/\/cdn.trustindex.io\/assets\/platform\/Google\/icon.svg\" alt=\"Google\" width=\"20\" height=\"20\" loading=\"lazy\" \/> <div class=\"ti-profile-img\"> <img decoding=\"async\" class=\"skip-lazy\" src=\"https:\/\/lh3.googleusercontent.com\/a\/ACg8ocJJi9PJEY2cHuCeZlw5b5n9Y2sXdUdc0R_FSzybYeOioAMbbA=w64-h64-c-rp-mo-br100\" srcset=\"https:\/\/lh3.googleusercontent.com\/a\/ACg8ocJJi9PJEY2cHuCeZlw5b5n9Y2sXdUdc0R_FSzybYeOioAMbbA=w128-h128-c-rp-mo-br100 2x\" alt=\"Claudia Bosch profile picture\" loading=\"lazy\" \/> <\/div> <div class=\"ti-profile-details\"> <div class=\"ti-name\"> Claudia Bosch <\/div> <div class=\"ti-date\">2. Agosto, 2024<\/div> <\/div> <\/div> <span class=\"ti-stars\"><img loading=\"lazy\" decoding=\"async\" class=\"ti-star skip-lazy\" src=\"https:\/\/cdn.trustindex.io\/assets\/platform\/Google\/star\/f.svg\" alt=\"Google star 1\" width=\"17\" height=\"17\" loading=\"lazy\" \/><img loading=\"lazy\" decoding=\"async\" class=\"ti-star skip-lazy\" src=\"https:\/\/cdn.trustindex.io\/assets\/platform\/Google\/star\/f.svg\" alt=\"Google star 2\" width=\"17\" height=\"17\" loading=\"lazy\" \/><img loading=\"lazy\" decoding=\"async\" class=\"ti-star skip-lazy\" src=\"https:\/\/cdn.trustindex.io\/assets\/platform\/Google\/star\/f.svg\" alt=\"Google star 3\" width=\"17\" height=\"17\" loading=\"lazy\" \/><img loading=\"lazy\" decoding=\"async\" class=\"ti-star skip-lazy\" src=\"https:\/\/cdn.trustindex.io\/assets\/platform\/Google\/star\/f.svg\" alt=\"Google star 4\" width=\"17\" height=\"17\" loading=\"lazy\" \/><img loading=\"lazy\" decoding=\"async\" class=\"ti-star skip-lazy\" src=\"https:\/\/cdn.trustindex.io\/assets\/platform\/Google\/star\/f.svg\" alt=\"Google star 5\" width=\"17\" height=\"17\" loading=\"lazy\" \/><span class=\"ti-verified-review ti-verified-platform\"><span class=\"ti-verified-tooltip\">Trustindex verifica que la fuente original de la rese\u00f1a sea Google.<\/span><\/span><\/span> <div class=\"ti-review-text-container ti-review-content\"><!-- R-CONTENT -->Hemos alquilado un par de ciclomotores para 2 d\u00edas y ha valido mucho la pena. Las motos estaban perfectas, muy buen precio y muy buen trato. Ha sido todo muy f\u00e1cil, tanto los pagos como la recogida y devoluci\u00f3n. Sin duda, la mejor manera de exprimir los rincones de Menorca y sus calas. Muchas gracias por todo \u263a\ufe0f<!-- R-CONTENT --><\/div> <span class=\"ti-read-more\" data-container=\".ti-review-content\" data-collapse-text=\"Ocultar\" data-open-text=\"Leer m\u00e1s\"><\/span> <\/div> <\/div>  <div data-empty=\"0\" class=\"ti-review-item source-Google ti-image-layout-thumbnail\" data-time=\"\" data-id=\"cfcd208495d565ef66e7dff9f98764da\" data-language=\"\"> <div class=\"ti-inner\"> <div class=\"ti-review-header\"> <img loading=\"lazy\" decoding=\"async\" class=\"ti-platform-icon skip-lazy\" src=\"https:\/\/cdn.trustindex.io\/assets\/platform\/Google\/icon.svg\" alt=\"Google\" width=\"20\" height=\"20\" loading=\"lazy\" \/> <div class=\"ti-profile-img\"> <img decoding=\"async\" class=\"skip-lazy\" src=\"https:\/\/lh3.googleusercontent.com\/a-\/ALV-UjUJs6ulnIunupnP__QTwtg1Y_YSdxW7uQIjRQdV2KpxyZFdjJU=w64-h64-c-rp-mo-ba2-br100\" srcset=\"https:\/\/lh3.googleusercontent.com\/a-\/ALV-UjUJs6ulnIunupnP__QTwtg1Y_YSdxW7uQIjRQdV2KpxyZFdjJU=w128-h128-c-rp-mo-ba2-br100 2x\" alt=\"Annalisa Orefice profile picture\" loading=\"lazy\" \/> <\/div> <div class=\"ti-profile-details\"> <div class=\"ti-name\"> Annalisa Orefice <\/div> <div class=\"ti-date\">2. Agosto, 2024<\/div> <\/div> <\/div> <span class=\"ti-stars\"><img loading=\"lazy\" decoding=\"async\" class=\"ti-star skip-lazy\" src=\"https:\/\/cdn.trustindex.io\/assets\/platform\/Google\/star\/f.svg\" alt=\"Google star 1\" width=\"17\" height=\"17\" loading=\"lazy\" \/><img loading=\"lazy\" decoding=\"async\" class=\"ti-star skip-lazy\" src=\"https:\/\/cdn.trustindex.io\/assets\/platform\/Google\/star\/f.svg\" alt=\"Google star 2\" width=\"17\" height=\"17\" loading=\"lazy\" \/><img loading=\"lazy\" decoding=\"async\" class=\"ti-star skip-lazy\" src=\"https:\/\/cdn.trustindex.io\/assets\/platform\/Google\/star\/f.svg\" alt=\"Google star 3\" width=\"17\" height=\"17\" loading=\"lazy\" \/><img loading=\"lazy\" decoding=\"async\" class=\"ti-star skip-lazy\" src=\"https:\/\/cdn.trustindex.io\/assets\/platform\/Google\/star\/f.svg\" alt=\"Google star 4\" width=\"17\" height=\"17\" loading=\"lazy\" \/><img loading=\"lazy\" decoding=\"async\" class=\"ti-star skip-lazy\" src=\"https:\/\/cdn.trustindex.io\/assets\/platform\/Google\/star\/f.svg\" alt=\"Google star 5\" width=\"17\" height=\"17\" loading=\"lazy\" \/><span class=\"ti-verified-review ti-verified-platform\"><span class=\"ti-verified-tooltip\">Trustindex verifica que la fuente original de la rese\u00f1a sea Google.<\/span><\/span><\/span> <div class=\"ti-review-text-container ti-review-content\"><!-- R-CONTENT -->Molto cortese il proprietario, scooter performante, nuovo e comodo. Prezzo nella norma!<!-- R-CONTENT --><\/div> <span class=\"ti-read-more\" data-container=\".ti-review-content\" data-collapse-text=\"Ocultar\" data-open-text=\"Leer m\u00e1s\"><\/span> <\/div> <\/div>  <\/div> <div class=\"ti-controls-line\"> <div class=\"dot\"><\/div> <\/div> <\/div>    <\/div> <\/div> <\/pre><script>\n(function () { if (window.tiLoaderFallback) { return; } window.tiLoaderFallback = true; function tiLoadLoader() { if (window.TrustindexWidget || document.querySelector('script[src*=\"https:\/\/cdn.trustindex.io\/loader.js\"]')) { return; } let script = document.createElement(\"script\"); script.async = true; script.src = \"https:\/\/cdn.trustindex.io\/loader.js\"; script.setAttribute(\"data-ccm-injected\", \"1\"); document.head.appendChild(script); } if (\"loading\" === document.readyState) { document.addEventListener(\"DOMContentLoaded\", tiLoadLoader); } else { tiLoadLoader(); } })();\n<\/script>\n<\/div>\n\t\t\t\t\t\t<\/div>\n\t\t\t\t<\/div>\n\t\t\t\t<\/div>\n\t\t\t\t<section class=\"elementor-section elementor-top-section elementor-element elementor-element-th57t4o elementor-section-full_width elementor-section-content-bottom elementor-section-height-default elementor-section-height-default\" data-id=\"th57t4o\" data-element_type=\"section\" data-e-type=\"section\">\n\t\t\t\t\t\t<div class=\"elementor-container elementor-column-gap-no\">\n\t\t\t\t\t<div class=\"elementor-column elementor-col-100 elementor-top-column elementor-element elementor-element-9f7917c\" data-id=\"9f7917c\" data-element_type=\"column\" data-e-type=\"column\">\n\t\t\t<div class=\"elementor-widget-wrap elementor-element-populated\">\n\t\t\t\t<div class=\"elementor-element elementor-element-c810d14 e-con-full e-flex e-con e-parent\" data-id=\"c810d14\" data-element_type=\"container\" data-e-type=\"container\">\n\t\t<div class=\"elementor-element elementor-element-b006695 e-con-full e-flex e-con e-child\" data-id=\"b006695\" data-element_type=\"container\" data-e-type=\"container\">\n\t\t\t\t<div class=\"elementor-element elementor-element-665f4a3 elementor-widget elementor-widget-heading\" data-id=\"665f4a3\" data-element_type=\"widget\" data-e-type=\"widget\" data-widget_type=\"heading.default\">\n\t\t\t\t<div class=\"elementor-widget-container\">\n\t\t\t\t\t<h4 class=\"elementor-heading-title elementor-size-default\">D\u00f3nde encontrarnos?<\/h4>\t\t\t\t<\/div>\n\t\t\t\t<\/div>\n\t\t\t\t<div class=\"elementor-element elementor-element-fd31125 elementor-widget elementor-widget-text-editor\" data-id=\"fd31125\" data-element_type=\"widget\" data-e-type=\"widget\" data-widget_type=\"text-editor.default\">\n\t\t\t\t<div class=\"elementor-widget-container\">\n\t\t\t\t\t\t\t\t\t<p><em>Nuestra oficina esta a 5 minutos a pie del centro de Ciutadella y a 2 minutos de la parada de autobuses Via Perimetral.\u00a0<\/em><\/p>\t\t\t\t\t\t\t\t<\/div>\n\t\t\t\t<\/div>\n\t\t\t\t<\/div>\n\t\t<div class=\"elementor-element elementor-element-0a1f1b2 e-grid e-con-boxed e-con e-child\" data-id=\"0a1f1b2\" data-element_type=\"container\" data-e-type=\"container\">\n\t\t\t\t\t<div class=\"e-con-inner\">\n\t\t\t\t<div class=\"elementor-element elementor-element-73b9c1c elementor-view-default elementor-position-block-start elementor-mobile-position-block-start elementor-widget elementor-widget-icon-box\" data-id=\"73b9c1c\" data-element_type=\"widget\" data-e-type=\"widget\" data-widget_type=\"icon-box.default\">\n\t\t\t\t<div class=\"elementor-widget-container\">\n\t\t\t\t\t\t\t<div class=\"elementor-icon-box-wrapper\">\n\n\t\t\t\t\t\t<div class=\"elementor-icon-box-icon\">\n\t\t\t\t<a href=\"https:\/\/maps.app.goo.gl\/kXCWPdyF4jpiGHfW9\" class=\"elementor-icon\" tabindex=\"-1\" aria-label=\"Direcci\u00f3n\">\n\t\t\t\t<svg aria-hidden=\"true\" class=\"e-font-icon-svg e-fas-map-marker-alt\" viewBox=\"0 0 384 512\" xmlns=\"http:\/\/www.w3.org\/2000\/svg\"><path d=\"M172.268 501.67C26.97 291.031 0 269.413 0 192 0 85.961 85.961 0 192 0s192 85.961 192 192c0 77.413-26.97 99.031-172.268 309.67-9.535 13.774-29.93 13.773-39.464 0zM192 272c44.183 0 80-35.817 80-80s-35.817-80-80-80-80 35.817-80 80 35.817 80 80 80z\"><\/path><\/svg>\t\t\t\t<\/a>\n\t\t\t<\/div>\n\t\t\t\n\t\t\t\t\t\t<div class=\"elementor-icon-box-content\">\n\n\t\t\t\t\t\t\t\t\t<p class=\"elementor-icon-box-title\">\n\t\t\t\t\t\t<a href=\"https:\/\/maps.app.goo.gl\/kXCWPdyF4jpiGHfW9\" >\n\t\t\t\t\t\t\tDirecci\u00f3n\t\t\t\t\t\t<\/a>\n\t\t\t\t\t<\/p>\n\t\t\t\t\n\t\t\t\t\t\t\t\t\t<p class=\"elementor-icon-box-description\">\n\t\t\t\t\t\tCarrer de Ma\u00f3, 136<br>\n07760 Ciutadella de Menorca\t\t\t\t\t<\/p>\n\t\t\t\t\n\t\t\t<\/div>\n\t\t\t\n\t\t<\/div>\n\t\t\t\t\t\t<\/div>\n\t\t\t\t<\/div>\n\t\t\t\t<div class=\"elementor-element elementor-element-9c65b9a elementor-view-default elementor-position-block-start elementor-mobile-position-block-start elementor-widget elementor-widget-icon-box\" data-id=\"9c65b9a\" data-element_type=\"widget\" data-e-type=\"widget\" data-widget_type=\"icon-box.default\">\n\t\t\t\t<div class=\"elementor-widget-container\">\n\t\t\t\t\t\t\t<div class=\"elementor-icon-box-wrapper\">\n\n\t\t\t\t\t\t<div class=\"elementor-icon-box-icon\">\n\t\t\t\t<span  class=\"elementor-icon\">\n\t\t\t\t<svg aria-hidden=\"true\" class=\"e-font-icon-svg e-far-clock\" viewBox=\"0 0 512 512\" xmlns=\"http:\/\/www.w3.org\/2000\/svg\"><path d=\"M256 8C119 8 8 119 8 256s111 248 248 248 248-111 248-248S393 8 256 8zm0 448c-110.5 0-200-89.5-200-200S145.5 56 256 56s200 89.5 200 200-89.5 200-200 200zm61.8-104.4l-84.9-61.7c-3.1-2.3-4.9-5.9-4.9-9.7V116c0-6.6 5.4-12 12-12h32c6.6 0 12 5.4 12 12v141.7l66.8 48.6c5.4 3.9 6.5 11.4 2.6 16.8L334.6 349c-3.9 5.3-11.4 6.5-16.8 2.6z\"><\/path><\/svg>\t\t\t\t<\/span>\n\t\t\t<\/div>\n\t\t\t\n\t\t\t\t\t\t<div class=\"elementor-icon-box-content\">\n\n\t\t\t\t\t\t\t\t\t<p class=\"elementor-icon-box-title\">\n\t\t\t\t\t\t<span  >\n\t\t\t\t\t\t\tHorario\t\t\t\t\t\t<\/span>\n\t\t\t\t\t<\/p>\n\t\t\t\t\n\t\t\t\t\t\t\t\t\t<p class=\"elementor-icon-box-description\">\n\t\t\t\t\t\tLunes a Domingo <br>\n\n9:30 - 13:30 \u00b7\n16:00 -19:00\t\t\t\t\t<\/p>\n\t\t\t\t\n\t\t\t<\/div>\n\t\t\t\n\t\t<\/div>\n\t\t\t\t\t\t<\/div>\n\t\t\t\t<\/div>\n\t\t\t\t\t<\/div>\n\t\t\t\t<\/div>\n\t\t\t\t<\/div>\n\t\t\t\t<div class=\"elementor-element elementor-element-24e8854 elementor-widget elementor-widget-google_maps\" data-id=\"24e8854\" data-element_type=\"widget\" data-e-type=\"widget\" data-widget_type=\"google_maps.default\">\n\t\t\t\t<div class=\"elementor-widget-container\">\n\t\t\t\t\t\t\t<div class=\"elementor-custom-embed\">\n\t\t\t<iframe loading=\"lazy\"\n\t\t\t\t\tsrc=\"https:\/\/maps.google.com\/maps?q=top%20scooter&#038;t=m&#038;z=16&#038;output=embed&#038;iwloc=near\"\n\t\t\t\t\ttitle=\"top scooter\"\n\t\t\t\t\taria-label=\"top scooter\"\n\t\t\t><\/iframe>\n\t\t<\/div>\n\t\t\t\t\t\t<\/div>\n\t\t\t\t<\/div>\n\t\t\t\t\t<\/div>\n\t\t<\/div>\n\t\t\t\t\t<\/div>\n\t\t<\/section>\n\t\t\t\t<\/div>\n\t\t","protected":false},"excerpt":{"rendered":"<p>Alquiler de motos en Menorca Explora Menorca a tu ritmo alquilando una moto moderna y disfruta de Menorca de una manera \u00fanica&nbsp; Nuestra flota de motos Elige entre una amplia gama de scooters y motos, con maletero y dos cascos incluidos, ideales para recorrer Menorca con comodidad. Keeway Fact Evo X Sin top case\u00a0 49cc [&hellip;]<\/p>\n","protected":false},"author":1,"featured_media":2070,"parent":0,"menu_order":0,"comment_status":"closed","ping_status":"closed","template":"","meta":{"site-sidebar-layout":"default","site-content-layout":"","ast-site-content-layout":"full-width-container","site-content-style":"unboxed","site-sidebar-style":"unboxed","ast-global-header-display":"","ast-banner-title-visibility":"disabled","ast-main-header-display":"","ast-hfb-above-header-display":"","ast-hfb-below-header-display":"","ast-hfb-mobile-header-display":"","site-post-title":"","ast-breadcrumbs-content":"","ast-featured-img":"","footer-sml-layout":"","ast-disable-related-posts":"","theme-transparent-header-meta":"","adv-header-id-meta":"","stick-header-meta":"","header-above-stick-meta":"","header-main-stick-meta":"","header-below-stick-meta":"","astra-migrate-meta-layouts":"set","ast-page-background-enabled":"default","ast-page-background-meta":{"desktop":{"background-color":"","background-image":"","background-repeat":"repeat","background-position":"center center","background-size":"auto","background-attachment":"scroll","background-type":"","background-media":"","overlay-type":"","overlay-color":"","overlay-opacity":"","overlay-gradient":""},"tablet":{"background-color":"","background-image":"","background-repeat":"repeat","background-position":"center center","background-size":"auto","background-attachment":"scroll","background-type":"","background-media":"","overlay-type":"","overlay-color":"","overlay-opacity":"","overlay-gradient":""},"mobile":{"background-color":"","background-image":"","background-repeat":"repeat","background-position":"center center","background-size":"auto","background-attachment":"scroll","background-type":"","background-media":"","overlay-type":"","overlay-color":"","overlay-opacity":"","overlay-gradient":""}},"ast-content-background-meta":{"desktop":{"background-color":"var(--ast-global-color-5)","background-image":"","background-repeat":"repeat","background-position":"center center","background-size":"auto","background-attachment":"scroll","background-type":"","background-media":"","overlay-type":"","overlay-color":"","overlay-opacity":"","overlay-gradient":""},"tablet":{"background-color":"var(--ast-global-color-5)","background-image":"","background-repeat":"repeat","background-position":"center center","background-size":"auto","background-attachment":"scroll","background-type":"","background-media":"","overlay-type":"","overlay-color":"","overlay-opacity":"","overlay-gradient":""},"mobile":{"background-color":"var(--ast-global-color-5)","background-image":"","background-repeat":"repeat","background-position":"center center","background-size":"auto","background-attachment":"scroll","background-type":"","background-media":"","overlay-type":"","overlay-color":"","overlay-opacity":"","overlay-gradient":""}},"footnotes":""},"class_list":["post-408","page","type-page","status-publish","has-post-thumbnail","hentry"],"yoast_head":"<!-- This site is optimized with the Yoast SEO plugin v28.4 - https:\/\/yoast.com\/product\/yoast-seo-wordpress\/ -->\n<title>Alquiler de motos en Menorca con moto rent - Top Scooter<\/title>\n<meta name=\"description\" content=\"En nuestra empresa local, no solo alquilas una moto, sino que te llevas una experiencia aut\u00e9ntica para descubrir Menorca.\" \/>\n<meta name=\"robots\" content=\"index, follow, max-snippet:-1, max-image-preview:large, max-video-preview:-1\" \/>\n<link rel=\"canonical\" href=\"https:\/\/www.menorcamotorent.com\/en\/\" \/>\n<meta property=\"og:locale\" content=\"en_GB\" \/>\n<meta property=\"og:type\" content=\"article\" \/>\n<meta property=\"og:title\" content=\"Alquiler de motos en Menorca con moto rent - Top Scooter\" \/>\n<meta property=\"og:description\" content=\"En nuestra empresa local, no solo alquilas una moto, sino que te llevas una experiencia aut\u00e9ntica para descubrir Menorca.\" \/>\n<meta property=\"og:url\" content=\"https:\/\/www.menorcamotorent.com\/en\/\" \/>\n<meta property=\"og:site_name\" content=\"Alquiler de motos en Menorca moto rent - Top Scooter\" \/>\n<meta property=\"article:modified_time\" content=\"2026-07-29T11:12:09+00:00\" \/>\n<meta property=\"og:image\" content=\"https:\/\/www.menorcamotorent.com\/wp-content\/uploads\/2026\/03\/logo_200x200_clean.png\" \/>\n\t<meta property=\"og:image:width\" content=\"200\" \/>\n\t<meta property=\"og:image:height\" content=\"200\" \/>\n\t<meta property=\"og:image:type\" content=\"image\/png\" \/>\n<meta name=\"twitter:card\" content=\"summary_large_image\" \/>\n<meta name=\"twitter:label1\" content=\"Estimated reading time\" \/>\n\t<meta name=\"twitter:data1\" content=\"4 minutes\" \/>\n<script type=\"application\/ld+json\" class=\"yoast-schema-graph\">{\"@context\":\"https:\\\/\\\/schema.org\",\"@graph\":[{\"@type\":\"WebPage\",\"@id\":\"https:\\\/\\\/www.menorcamotorent.com\\\/\",\"url\":\"https:\\\/\\\/www.menorcamotorent.com\\\/\",\"name\":\"Alquiler de motos en Menorca con moto rent - Top Scooter\",\"isPartOf\":{\"@id\":\"https:\\\/\\\/www.menorcamotorent.com\\\/#website\"},\"primaryImageOfPage\":{\"@id\":\"https:\\\/\\\/www.menorcamotorent.com\\\/#primaryimage\"},\"image\":{\"@id\":\"https:\\\/\\\/www.menorcamotorent.com\\\/#primaryimage\"},\"thumbnailUrl\":\"https:\\\/\\\/www.menorcamotorent.com\\\/wp-content\\\/uploads\\\/2026\\\/03\\\/cropped-logo_200x200_clean.png\",\"datePublished\":\"2025-01-31T14:52:13+00:00\",\"dateModified\":\"2026-07-29T11:12:09+00:00\",\"description\":\"En nuestra empresa local, no solo alquilas una moto, sino que te llevas una experiencia aut\u00e9ntica para descubrir Menorca.\",\"breadcrumb\":{\"@id\":\"https:\\\/\\\/www.menorcamotorent.com\\\/#breadcrumb\"},\"inLanguage\":\"en-GB\",\"potentialAction\":[{\"@type\":\"ReadAction\",\"target\":[\"https:\\\/\\\/www.menorcamotorent.com\\\/\"]}]},{\"@type\":\"ImageObject\",\"inLanguage\":\"en-GB\",\"@id\":\"https:\\\/\\\/www.menorcamotorent.com\\\/#primaryimage\",\"url\":\"https:\\\/\\\/www.menorcamotorent.com\\\/wp-content\\\/uploads\\\/2026\\\/03\\\/cropped-logo_200x200_clean.png\",\"contentUrl\":\"https:\\\/\\\/www.menorcamotorent.com\\\/wp-content\\\/uploads\\\/2026\\\/03\\\/cropped-logo_200x200_clean.png\",\"width\":512,\"height\":512,\"caption\":\"logo top scooter\"},{\"@type\":\"BreadcrumbList\",\"@id\":\"https:\\\/\\\/www.menorcamotorent.com\\\/#breadcrumb\",\"itemListElement\":[{\"@type\":\"ListItem\",\"position\":1,\"name\":\"Portada\",\"item\":\"https:\\\/\\\/www.menorcamotorent.com\\\/\"},{\"@type\":\"ListItem\",\"position\":2,\"name\":\"Inicio\"}]},{\"@type\":\"WebSite\",\"@id\":\"https:\\\/\\\/www.menorcamotorent.com\\\/#website\",\"url\":\"https:\\\/\\\/www.menorcamotorent.com\\\/\",\"name\":\"Alquiler de motos en Menorca moto rent - Top Scooter\",\"description\":\"Alquil una moto en Menorca con nosotores Motos nuevas, nuevas experiencias. El peque\u00f1o tama\u00f1o de Menorca hace que el alquiler de scooters sea la forma m\u00e1s c\u00f3moda y divertida de descubrirla.\",\"publisher\":{\"@id\":\"https:\\\/\\\/www.menorcamotorent.com\\\/#organization\"},\"potentialAction\":[{\"@type\":\"SearchAction\",\"target\":{\"@type\":\"EntryPoint\",\"urlTemplate\":\"https:\\\/\\\/www.menorcamotorent.com\\\/?s={search_term_string}\"},\"query-input\":{\"@type\":\"PropertyValueSpecification\",\"valueRequired\":true,\"valueName\":\"search_term_string\"}}],\"inLanguage\":\"en-GB\"},{\"@type\":\"Organization\",\"@id\":\"https:\\\/\\\/www.menorcamotorent.com\\\/#organization\",\"name\":\"Alquiler de motos en Menorca moto rent - Top Scooter\",\"url\":\"https:\\\/\\\/www.menorcamotorent.com\\\/\",\"logo\":{\"@type\":\"ImageObject\",\"inLanguage\":\"en-GB\",\"@id\":\"https:\\\/\\\/www.menorcamotorent.com\\\/#\\\/schema\\\/logo\\\/image\\\/\",\"url\":\"https:\\\/\\\/www.menorcamotorent.com\\\/wp-content\\\/uploads\\\/2026\\\/03\\\/cropped-logoweb_png_topscooter.png\",\"contentUrl\":\"https:\\\/\\\/www.menorcamotorent.com\\\/wp-content\\\/uploads\\\/2026\\\/03\\\/cropped-logoweb_png_topscooter.png\",\"width\":567,\"height\":189,\"caption\":\"Alquiler de motos en Menorca moto rent - Top Scooter\"},\"image\":{\"@id\":\"https:\\\/\\\/www.menorcamotorent.com\\\/#\\\/schema\\\/logo\\\/image\\\/\"},\"sameAs\":[\"https:\\\/\\\/www.instagram.com\\\/top_scooter_menorca\\\/\"]}]}<\/script>\n<!-- \/ Yoast SEO plugin. -->","yoast_head_json":{"title":"Alquiler de motos en Menorca con moto rent - Top Scooter","description":"En nuestra empresa local, no solo alquilas una moto, sino que te llevas una experiencia aut\u00e9ntica para descubrir Menorca.","robots":{"index":"index","follow":"follow","max-snippet":"max-snippet:-1","max-image-preview":"max-image-preview:large","max-video-preview":"max-video-preview:-1"},"canonical":"https:\/\/www.menorcamotorent.com\/en\/","og_locale":"en_GB","og_type":"article","og_title":"Alquiler de motos en Menorca con moto rent - Top Scooter","og_description":"En nuestra empresa local, no solo alquilas una moto, sino que te llevas una experiencia aut\u00e9ntica para descubrir Menorca.","og_url":"https:\/\/www.menorcamotorent.com\/en\/","og_site_name":"Alquiler de motos en Menorca moto rent - Top Scooter","article_modified_time":"2026-07-29T11:12:09+00:00","og_image":[{"width":200,"height":200,"url":"https:\/\/www.menorcamotorent.com\/wp-content\/uploads\/2026\/03\/logo_200x200_clean.png","type":"image\/png"}],"twitter_card":"summary_large_image","twitter_misc":{"Estimated reading time":"4 minutes"},"schema":{"@context":"https:\/\/schema.org","@graph":[{"@type":"WebPage","@id":"https:\/\/www.menorcamotorent.com\/","url":"https:\/\/www.menorcamotorent.com\/","name":"Alquiler de motos en Menorca con moto rent - Top Scooter","isPartOf":{"@id":"https:\/\/www.menorcamotorent.com\/#website"},"primaryImageOfPage":{"@id":"https:\/\/www.menorcamotorent.com\/#primaryimage"},"image":{"@id":"https:\/\/www.menorcamotorent.com\/#primaryimage"},"thumbnailUrl":"https:\/\/www.menorcamotorent.com\/wp-content\/uploads\/2026\/03\/cropped-logo_200x200_clean.png","datePublished":"2025-01-31T14:52:13+00:00","dateModified":"2026-07-29T11:12:09+00:00","description":"En nuestra empresa local, no solo alquilas una moto, sino que te llevas una experiencia aut\u00e9ntica para descubrir Menorca.","breadcrumb":{"@id":"https:\/\/www.menorcamotorent.com\/#breadcrumb"},"inLanguage":"en-GB","potentialAction":[{"@type":"ReadAction","target":["https:\/\/www.menorcamotorent.com\/"]}]},{"@type":"ImageObject","inLanguage":"en-GB","@id":"https:\/\/www.menorcamotorent.com\/#primaryimage","url":"https:\/\/www.menorcamotorent.com\/wp-content\/uploads\/2026\/03\/cropped-logo_200x200_clean.png","contentUrl":"https:\/\/www.menorcamotorent.com\/wp-content\/uploads\/2026\/03\/cropped-logo_200x200_clean.png","width":512,"height":512,"caption":"logo top scooter"},{"@type":"BreadcrumbList","@id":"https:\/\/www.menorcamotorent.com\/#breadcrumb","itemListElement":[{"@type":"ListItem","position":1,"name":"Portada","item":"https:\/\/www.menorcamotorent.com\/"},{"@type":"ListItem","position":2,"name":"Inicio"}]},{"@type":"WebSite","@id":"https:\/\/www.menorcamotorent.com\/#website","url":"https:\/\/www.menorcamotorent.com\/","name":"Motorcycle rental in Menorca moto rent - Top Scooter","description":"Alquil una moto en Menorca con nosotores Motos nuevas, nuevas experiencias. El peque\u00f1o tama\u00f1o de Menorca hace que el alquiler de scooters sea la forma m\u00e1s c\u00f3moda y divertida de descubrirla.","publisher":{"@id":"https:\/\/www.menorcamotorent.com\/#organization"},"potentialAction":[{"@type":"SearchAction","target":{"@type":"EntryPoint","urlTemplate":"https:\/\/www.menorcamotorent.com\/?s={search_term_string}"},"query-input":{"@type":"PropertyValueSpecification","valueRequired":true,"valueName":"search_term_string"}}],"inLanguage":"en-GB"},{"@type":"Organization","@id":"https:\/\/www.menorcamotorent.com\/#organization","name":"Motorcycle rental in Menorca moto rent - Top Scooter","url":"https:\/\/www.menorcamotorent.com\/","logo":{"@type":"ImageObject","inLanguage":"en-GB","@id":"https:\/\/www.menorcamotorent.com\/#\/schema\/logo\/image\/","url":"https:\/\/www.menorcamotorent.com\/wp-content\/uploads\/2026\/03\/cropped-logoweb_png_topscooter.png","contentUrl":"https:\/\/www.menorcamotorent.com\/wp-content\/uploads\/2026\/03\/cropped-logoweb_png_topscooter.png","width":567,"height":189,"caption":"Alquiler de motos en Menorca moto rent - Top Scooter"},"image":{"@id":"https:\/\/www.menorcamotorent.com\/#\/schema\/logo\/image\/"},"sameAs":["https:\/\/www.instagram.com\/top_scooter_menorca\/"]}]}},"_links":{"self":[{"href":"https:\/\/www.menorcamotorent.com\/en\/wp-json\/wp\/v2\/pages\/408","targetHints":{"allow":["GET"]}}],"collection":[{"href":"https:\/\/www.menorcamotorent.com\/en\/wp-json\/wp\/v2\/pages"}],"about":[{"href":"https:\/\/www.menorcamotorent.com\/en\/wp-json\/wp\/v2\/types\/page"}],"author":[{"embeddable":true,"href":"https:\/\/www.menorcamotorent.com\/en\/wp-json\/wp\/v2\/users\/1"}],"replies":[{"embeddable":true,"href":"https:\/\/www.menorcamotorent.com\/en\/wp-json\/wp\/v2\/comments?post=408"}],"version-history":[{"count":514,"href":"https:\/\/www.menorcamotorent.com\/en\/wp-json\/wp\/v2\/pages\/408\/revisions"}],"predecessor-version":[{"id":2271,"href":"https:\/\/www.menorcamotorent.com\/en\/wp-json\/wp\/v2\/pages\/408\/revisions\/2271"}],"wp:featuredmedia":[{"embeddable":true,"href":"https:\/\/www.menorcamotorent.com\/en\/wp-json\/wp\/v2\/media\/2070"}],"wp:attachment":[{"href":"https:\/\/www.menorcamotorent.com\/en\/wp-json\/wp\/v2\/media?parent=408"}],"curies":[{"name":"wp","href":"https:\/\/api.w.org\/{rel}","templated":true}]}}